{"version":"1.0","provider_name":"Visit P\u00e4rnu","provider_url":"https:\/\/visitparnu.com\/lv\/","author_name":"Visit P\u00e4rnu","author_url":"https:\/\/visitparnu.com\/lv\/","title":"P\u0113rnavas Gar\u0161u Iela - Ielu p\u0101rtikas festiv\u0101ls - Visit P\u00e4rnu","type":"rich","width":600,"height":338,"html":"<blockquote class=\"wp-embedded-content\" data-secret=\"izUbsEpHA8\"><a href=\"https:\/\/visitparnu.com\/lv\/objekt\/pernavas-garsu-iela-ielu-partikas-festivals\/\">P\u0113rnavas Gar\u0161u Iela  &#8211; Ielu p\u0101rtikas festiv\u0101ls<\/a><\/blockquote><iframe sandbox=\"allow-scripts\" security=\"restricted\" src=\"https:\/\/visitparnu.com\/lv\/objekt\/pernavas-garsu-iela-ielu-partikas-festivals\/embed\/#?secret=izUbsEpHA8\" width=\"600\" height=\"338\" title=\"&#8220;P\u0113rnavas Gar\u0161u Iela  &#8211; Ielu p\u0101rtikas festiv\u0101ls&#8221; &#8212; Visit P\u00e4rnu\" data-secret=\"izUbsEpHA8\" frameborder=\"0\" marginwidth=\"0\" marginheight=\"0\" scrolling=\"no\" class=\"wp-embedded-content\"><\/iframe><script type=\"text\/javascript\">\n\/* <![CDATA[ *\/\n\/*! This file is auto-generated *\/\n!function(d,l){\"use strict\";l.querySelector&&d.addEventListener&&\"undefined\"!=typeof URL&&(d.wp=d.wp||{},d.wp.receiveEmbedMessage||(d.wp.receiveEmbedMessage=function(e){var t=e.data;if((t||t.secret||t.message||t.value)&&!\/[^a-zA-Z0-9]\/.test(t.secret)){for(var s,r,n,a=l.querySelectorAll('iframe[data-secret=\"'+t.secret+'\"]'),o=l.querySelectorAll('blockquote[data-secret=\"'+t.secret+'\"]'),c=new RegExp(\"^https?:$\",\"i\"),i=0;i<o.length;i++)o[i].style.display=\"none\";for(i=0;i<a.length;i++)s=a[i],e.source===s.contentWindow&&(s.removeAttribute(\"style\"),\"height\"===t.message?(1e3<(r=parseInt(t.value,10))?r=1e3:~~r<200&&(r=200),s.height=r):\"link\"===t.message&&(r=new URL(s.getAttribute(\"src\")),n=new URL(t.value),c.test(n.protocol))&&n.host===r.host&&l.activeElement===s&&(d.top.location.href=t.value))}},d.addEventListener(\"message\",d.wp.receiveEmbedMessage,!1),l.addEventListener(\"DOMContentLoaded\",function(){for(var e,t,s=l.querySelectorAll(\"iframe.wp-embedded-content\"),r=0;r<s.length;r++)(t=(e=s[r]).getAttribute(\"data-secret\"))||(t=Math.random().toString(36).substring(2,12),e.src+=\"#?secret=\"+t,e.setAttribute(\"data-secret\",t)),e.contentWindow.postMessage({message:\"ready\",secret:t},\"*\")},!1)))}(window,document);\n\/\/# sourceURL=https:\/\/visitparnu.com\/wp-includes\/js\/wp-embed.min.js\n\/* ]]> *\/\n<\/script>\n","thumbnail_url":"https:\/\/visitparnu.com\/wp-content\/uploads\/2026\/04\/75196233_2456219214668545_3645566085734028167_n-768x320.jpg","thumbnail_width":600,"thumbnail_height":250,"description":"Vasaras ned\u0113\u013cas nogal\u0113 vien\u0101 no vasaras galvaspils\u0113tas ros\u012bg\u0101kaj\u0101m iel\u0101m notiks \u012bsts ce\u013cojums uz gar\u0161u parad\u012bzi. Uz Supeluse ielas pulc\u0113sies liel\u0101ki un maz\u0101ki p\u0101rtikas treileri no tuvienes un t\u0101lienes, kas pied\u0101v\u0101s labus un v\u0113l lab\u0101kus \u0113dienus. Atsl\u0113gv\u0101rds ir svaigs, moderns, aizraujo\u0161s, un, protams, \u013coti gar\u0161\u012bgs ielu \u0113diens,\u00a0kas ir izgatavots no sezonas, vesel\u012bg\u0101m un v\u0113lams viet\u0113j\u0101m izejviel\u0101m.\u00a0 [&hellip;]"}