{"id":6788,"date":"2026-01-08T12:40:55","date_gmt":"2026-01-08T12:40:55","guid":{"rendered":"https:\/\/visitparnu.com\/konverents\/konverentsiruumid\/rannahotelli-konverentsiruumid\/"},"modified":"2026-05-01T00:02:33","modified_gmt":"2026-05-01T00:02:33","slug":"rannahotelli-konverentsiruumid","status":"publish","type":"konverentsiruumid","link":"https:\/\/visitparnu.com\/konverents\/konverentsiruumid\/rannahotelli-konverentsiruumid\/","title":{"rendered":"Rannahotelli konverentsiruumid"},"content":{"rendered":"<p>Otsid inspireerivat ja elegantset konverentsipaika otse mere \u00e4\u00e4res?<\/p>\n<p><a href=\"https:\/\/puhkaeestis.ee\/et\/rannahotell\">Rannahotell<\/a> pakub ideaalseid tingimusi seminarideks, koolitusteks ja pidulikeks vastuv\u00f5ttudeks. Meie valgusk\u00fcllased ruumid avanevad vaatega rannale, luues rahuliku ja motiveeriva \u00f5hkkonna, kus t\u00f6\u00f6 ja puhkus p\u00f5imuvad loomulikult.<\/p>\n<p>P\u00e4rast sisukat koosolekut ootab sind mere\u00e4\u00e4rne jalutusk\u00e4ik <a href=\"https:\/\/puhkaeestis.ee\/et\/parnu-rannapromenaad\">promenaadil<\/a> v\u00f5i k\u00f5rgetasemeline \u00f5htus\u00f6\u00f6k meie\u00a0<a href=\"https:\/\/puhkaeestis.ee\/et\/rannahotelli-restoran\">restoranis<\/a>.<\/p>\n<p>Rannahotelli suurim tugevus on paindlikkus \u2013 nii ruumide kujundust kui ka tehnilisi lahendusi saab kohandada vastavalt s\u00fcndmuse vajadustele. Soovi korral on v\u00f5imalik broneerida ka kogu hotell ainult sinu s\u00fcndmuse kasutusse, mis loob privaatse ja eksklusiivse keskkonna.<\/p>\n<p>Professionaalne teenindus, maitsev toit ja inspireeriv mere\u00e4\u00e4rne asukoht tagavad, et iga s\u00fcndmus Rannahotellis saab olema meeldej\u00e4\u00e4v.<\/p>\n<p>T\u00e4nu mugavale asukohale oleme kohtumispaik ka rahvusvahelisteks \u00e4rikohtumisteks \u2013 siia on sama pikk tee nii Tallinnast kui Riiast!<\/p>\n<p>J\u00e4rgmine \u00e4rikohtumine P\u00e4rnus!<\/p>\n","protected":false},"featured_media":6789,"template":"","mahutavus":[62,34,35,36,29],"keel":[],"class_list":["post-6788","konverentsiruumid","type-konverentsiruumid","status-publish","has-post-thumbnail","hentry","mahutavus-1-50","mahutavus-50-100","mahutavus-101-150","mahutavus-151-200","mahutavus-200-300"],"acf":[],"yoast_head":"<!-- This site is optimized with the Yoast SEO plugin v27.1.1 - https:\/\/yoast.com\/product\/yoast-seo-wordpress\/ -->\n<title>Rannahotelli konverentsiruumid - BusinessP\u00e4rnu<\/title>\n<meta name=\"robots\" content=\"index, follow, max-snippet:-1, max-image-preview:large, max-video-preview:-1\" \/>\n<link rel=\"canonical\" href=\"https:\/\/visitparnu.com\/konverents\/konverentsiruumid\/rannahotelli-konverentsiruumid\/\" \/>\n<meta property=\"og:locale\" content=\"en_US\" \/>\n<meta property=\"og:type\" content=\"article\" \/>\n<meta property=\"og:title\" content=\"Rannahotelli konverentsiruumid - BusinessP\u00e4rnu\" \/>\n<meta property=\"og:description\" content=\"Otsid inspireerivat ja elegantset konverentsipaika otse mere \u00e4\u00e4res? Rannahotell pakub ideaalseid tingimusi seminarideks, koolitusteks ja pidulikeks vastuv\u00f5ttudeks. Meie valgusk\u00fcllased ruumid avanevad vaatega rannale, luues rahuliku ja motiveeriva \u00f5hkkonna, kus t\u00f6\u00f6 ja puhkus p\u00f5imuvad loomulikult. P\u00e4rast sisukat koosolekut ootab sind mere\u00e4\u00e4rne jalutusk\u00e4ik promenaadil v\u00f5i k\u00f5rgetasemeline \u00f5htus\u00f6\u00f6k meie\u00a0restoranis. Rannahotelli suurim tugevus on paindlikkus \u2013 nii ruumide kujundust [&hellip;]\" \/>\n<meta property=\"og:url\" content=\"https:\/\/visitparnu.com\/konverents\/konverentsiruumid\/rannahotelli-konverentsiruumid\/\" \/>\n<meta property=\"og:site_name\" content=\"BusinessP\u00e4rnu\" \/>\n<meta property=\"article:modified_time\" content=\"2026-05-01T00:02:33+00:00\" \/>\n<meta property=\"og:image\" content=\"https:\/\/visitparnu.com\/konverents\/wp-content\/uploads\/2026\/01\/rannahotelli-konverentsiruumid-003-visit-estonia-scaled.jpg\" \/>\n\t<meta property=\"og:image:width\" content=\"2560\" \/>\n\t<meta property=\"og:image:height\" content=\"1707\" \/>\n\t<meta property=\"og:image:type\" content=\"image\/jpeg\" \/>\n<meta name=\"twitter:card\" content=\"summary_large_image\" \/>\n<meta name=\"twitter:label1\" content=\"Est. reading time\" \/>\n\t<meta name=\"twitter:data1\" content=\"1 minute\" \/>\n<script type=\"application\/ld+json\" class=\"yoast-schema-graph\">{\"@context\":\"https:\/\/schema.org\",\"@graph\":[{\"@type\":\"WebPage\",\"@id\":\"https:\/\/visitparnu.com\/konverents\/konverentsiruumid\/rannahotelli-konverentsiruumid\/\",\"url\":\"https:\/\/visitparnu.com\/konverents\/konverentsiruumid\/rannahotelli-konverentsiruumid\/\",\"name\":\"Rannahotelli konverentsiruumid - BusinessP\u00e4rnu\",\"isPartOf\":{\"@id\":\"https:\/\/visitparnu.com\/konverents\/#website\"},\"primaryImageOfPage\":{\"@id\":\"https:\/\/visitparnu.com\/konverents\/konverentsiruumid\/rannahotelli-konverentsiruumid\/#primaryimage\"},\"image\":{\"@id\":\"https:\/\/visitparnu.com\/konverents\/konverentsiruumid\/rannahotelli-konverentsiruumid\/#primaryimage\"},\"thumbnailUrl\":\"https:\/\/visitparnu.com\/konverents\/wp-content\/uploads\/2026\/01\/rannahotelli-konverentsiruumid-003-visit-estonia-scaled.jpg\",\"datePublished\":\"2026-01-08T12:40:55+00:00\",\"dateModified\":\"2026-05-01T00:02:33+00:00\",\"breadcrumb\":{\"@id\":\"https:\/\/visitparnu.com\/konverents\/konverentsiruumid\/rannahotelli-konverentsiruumid\/#breadcrumb\"},\"inLanguage\":\"en-US\",\"potentialAction\":[{\"@type\":\"ReadAction\",\"target\":[\"https:\/\/visitparnu.com\/konverents\/konverentsiruumid\/rannahotelli-konverentsiruumid\/\"]}]},{\"@type\":\"ImageObject\",\"inLanguage\":\"en-US\",\"@id\":\"https:\/\/visitparnu.com\/konverents\/konverentsiruumid\/rannahotelli-konverentsiruumid\/#primaryimage\",\"url\":\"https:\/\/visitparnu.com\/konverents\/wp-content\/uploads\/2026\/01\/rannahotelli-konverentsiruumid-003-visit-estonia-scaled.jpg\",\"contentUrl\":\"https:\/\/visitparnu.com\/konverents\/wp-content\/uploads\/2026\/01\/rannahotelli-konverentsiruumid-003-visit-estonia-scaled.jpg\",\"width\":2560,\"height\":1707},{\"@type\":\"BreadcrumbList\",\"@id\":\"https:\/\/visitparnu.com\/konverents\/konverentsiruumid\/rannahotelli-konverentsiruumid\/#breadcrumb\",\"itemListElement\":[{\"@type\":\"ListItem\",\"position\":1,\"name\":\"Home\",\"item\":\"https:\/\/visitparnu.com\/konverents\/\"},{\"@type\":\"ListItem\",\"position\":2,\"name\":\"Conference Rooms\",\"item\":\"https:\/\/visitparnu.com\/konverents\/en\/conference-rooms\/\"},{\"@type\":\"ListItem\",\"position\":3,\"name\":\"Rannahotelli konverentsiruumid\"}]},{\"@type\":\"WebSite\",\"@id\":\"https:\/\/visitparnu.com\/konverents\/#website\",\"url\":\"https:\/\/visitparnu.com\/konverents\/\",\"name\":\"BusinessP\u00e4rnu\",\"description\":\"J\u00e4rgmine WordPress veebileht\",\"publisher\":{\"@id\":\"https:\/\/visitparnu.com\/konverents\/#organization\"},\"potentialAction\":[{\"@type\":\"SearchAction\",\"target\":{\"@type\":\"EntryPoint\",\"urlTemplate\":\"https:\/\/visitparnu.com\/konverents\/?s={search_term_string}\"},\"query-input\":{\"@type\":\"PropertyValueSpecification\",\"valueRequired\":true,\"valueName\":\"search_term_string\"}}],\"inLanguage\":\"en-US\"},{\"@type\":\"Organization\",\"@id\":\"https:\/\/visitparnu.com\/konverents\/#organization\",\"name\":\"BusinessP\u00e4rnu\",\"url\":\"https:\/\/visitparnu.com\/konverents\/\",\"logo\":{\"@type\":\"ImageObject\",\"inLanguage\":\"en-US\",\"@id\":\"https:\/\/visitparnu.com\/konverents\/#\/schema\/logo\/image\/\",\"url\":\"https:\/\/visitparnu.com\/konverents\/wp-content\/uploads\/2025\/07\/Logo-ver2.svg\",\"contentUrl\":\"https:\/\/visitparnu.com\/konverents\/wp-content\/uploads\/2025\/07\/Logo-ver2.svg\",\"width\":1200,\"height\":517,\"caption\":\"BusinessP\u00e4rnu\"},\"image\":{\"@id\":\"https:\/\/visitparnu.com\/konverents\/#\/schema\/logo\/image\/\"}}]}<\/script>\n<!-- \/ Yoast SEO plugin. -->","yoast_head_json":{"title":"Rannahotelli konverentsiruumid - BusinessP\u00e4rnu","robots":{"index":"index","follow":"follow","max-snippet":"max-snippet:-1","max-image-preview":"max-image-preview:large","max-video-preview":"max-video-preview:-1"},"canonical":"https:\/\/visitparnu.com\/konverents\/konverentsiruumid\/rannahotelli-konverentsiruumid\/","og_locale":"en_US","og_type":"article","og_title":"Rannahotelli konverentsiruumid - BusinessP\u00e4rnu","og_description":"Otsid inspireerivat ja elegantset konverentsipaika otse mere \u00e4\u00e4res? Rannahotell pakub ideaalseid tingimusi seminarideks, koolitusteks ja pidulikeks vastuv\u00f5ttudeks. Meie valgusk\u00fcllased ruumid avanevad vaatega rannale, luues rahuliku ja motiveeriva \u00f5hkkonna, kus t\u00f6\u00f6 ja puhkus p\u00f5imuvad loomulikult. P\u00e4rast sisukat koosolekut ootab sind mere\u00e4\u00e4rne jalutusk\u00e4ik promenaadil v\u00f5i k\u00f5rgetasemeline \u00f5htus\u00f6\u00f6k meie\u00a0restoranis. Rannahotelli suurim tugevus on paindlikkus \u2013 nii ruumide kujundust [&hellip;]","og_url":"https:\/\/visitparnu.com\/konverents\/konverentsiruumid\/rannahotelli-konverentsiruumid\/","og_site_name":"BusinessP\u00e4rnu","article_modified_time":"2026-05-01T00:02:33+00:00","og_image":[{"width":2560,"height":1707,"url":"https:\/\/visitparnu.com\/konverents\/wp-content\/uploads\/2026\/01\/rannahotelli-konverentsiruumid-003-visit-estonia-scaled.jpg","type":"image\/jpeg"}],"twitter_card":"summary_large_image","twitter_misc":{"Est. reading time":"1 minute"},"schema":{"@context":"https:\/\/schema.org","@graph":[{"@type":"WebPage","@id":"https:\/\/visitparnu.com\/konverents\/konverentsiruumid\/rannahotelli-konverentsiruumid\/","url":"https:\/\/visitparnu.com\/konverents\/konverentsiruumid\/rannahotelli-konverentsiruumid\/","name":"Rannahotelli konverentsiruumid - BusinessP\u00e4rnu","isPartOf":{"@id":"https:\/\/visitparnu.com\/konverents\/#website"},"primaryImageOfPage":{"@id":"https:\/\/visitparnu.com\/konverents\/konverentsiruumid\/rannahotelli-konverentsiruumid\/#primaryimage"},"image":{"@id":"https:\/\/visitparnu.com\/konverents\/konverentsiruumid\/rannahotelli-konverentsiruumid\/#primaryimage"},"thumbnailUrl":"https:\/\/visitparnu.com\/konverents\/wp-content\/uploads\/2026\/01\/rannahotelli-konverentsiruumid-003-visit-estonia-scaled.jpg","datePublished":"2026-01-08T12:40:55+00:00","dateModified":"2026-05-01T00:02:33+00:00","breadcrumb":{"@id":"https:\/\/visitparnu.com\/konverents\/konverentsiruumid\/rannahotelli-konverentsiruumid\/#breadcrumb"},"inLanguage":"en-US","potentialAction":[{"@type":"ReadAction","target":["https:\/\/visitparnu.com\/konverents\/konverentsiruumid\/rannahotelli-konverentsiruumid\/"]}]},{"@type":"ImageObject","inLanguage":"en-US","@id":"https:\/\/visitparnu.com\/konverents\/konverentsiruumid\/rannahotelli-konverentsiruumid\/#primaryimage","url":"https:\/\/visitparnu.com\/konverents\/wp-content\/uploads\/2026\/01\/rannahotelli-konverentsiruumid-003-visit-estonia-scaled.jpg","contentUrl":"https:\/\/visitparnu.com\/konverents\/wp-content\/uploads\/2026\/01\/rannahotelli-konverentsiruumid-003-visit-estonia-scaled.jpg","width":2560,"height":1707},{"@type":"BreadcrumbList","@id":"https:\/\/visitparnu.com\/konverents\/konverentsiruumid\/rannahotelli-konverentsiruumid\/#breadcrumb","itemListElement":[{"@type":"ListItem","position":1,"name":"Home","item":"https:\/\/visitparnu.com\/konverents\/"},{"@type":"ListItem","position":2,"name":"Conference Rooms","item":"https:\/\/visitparnu.com\/konverents\/en\/conference-rooms\/"},{"@type":"ListItem","position":3,"name":"Rannahotelli konverentsiruumid"}]},{"@type":"WebSite","@id":"https:\/\/visitparnu.com\/konverents\/#website","url":"https:\/\/visitparnu.com\/konverents\/","name":"BusinessP\u00e4rnu","description":"J\u00e4rgmine WordPress veebileht","publisher":{"@id":"https:\/\/visitparnu.com\/konverents\/#organization"},"potentialAction":[{"@type":"SearchAction","target":{"@type":"EntryPoint","urlTemplate":"https:\/\/visitparnu.com\/konverents\/?s={search_term_string}"},"query-input":{"@type":"PropertyValueSpecification","valueRequired":true,"valueName":"search_term_string"}}],"inLanguage":"en-US"},{"@type":"Organization","@id":"https:\/\/visitparnu.com\/konverents\/#organization","name":"BusinessP\u00e4rnu","url":"https:\/\/visitparnu.com\/konverents\/","logo":{"@type":"ImageObject","inLanguage":"en-US","@id":"https:\/\/visitparnu.com\/konverents\/#\/schema\/logo\/image\/","url":"https:\/\/visitparnu.com\/konverents\/wp-content\/uploads\/2025\/07\/Logo-ver2.svg","contentUrl":"https:\/\/visitparnu.com\/konverents\/wp-content\/uploads\/2025\/07\/Logo-ver2.svg","width":1200,"height":517,"caption":"BusinessP\u00e4rnu"},"image":{"@id":"https:\/\/visitparnu.com\/konverents\/#\/schema\/logo\/image\/"}}]}},"_links":{"self":[{"href":"https:\/\/visitparnu.com\/konverents\/wp-json\/wp\/v2\/konverentsiruumid\/6788","targetHints":{"allow":["GET"]}}],"collection":[{"href":"https:\/\/visitparnu.com\/konverents\/wp-json\/wp\/v2\/konverentsiruumid"}],"about":[{"href":"https:\/\/visitparnu.com\/konverents\/wp-json\/wp\/v2\/types\/konverentsiruumid"}],"version-history":[{"count":1,"href":"https:\/\/visitparnu.com\/konverents\/wp-json\/wp\/v2\/konverentsiruumid\/6788\/revisions"}],"predecessor-version":[{"id":6843,"href":"https:\/\/visitparnu.com\/konverents\/wp-json\/wp\/v2\/konverentsiruumid\/6788\/revisions\/6843"}],"wp:featuredmedia":[{"embeddable":true,"href":"https:\/\/visitparnu.com\/konverents\/wp-json\/wp\/v2\/media\/6789"}],"wp:attachment":[{"href":"https:\/\/visitparnu.com\/konverents\/wp-json\/wp\/v2\/media?parent=6788"}],"wp:term":[{"taxonomy":"mahutavus","embeddable":true,"href":"https:\/\/visitparnu.com\/konverents\/wp-json\/wp\/v2\/mahutavus?post=6788"},{"taxonomy":"keel","embeddable":true,"href":"https:\/\/visitparnu.com\/konverents\/wp-json\/wp\/v2\/keel?post=6788"}],"curies":[{"name":"wp","href":"https:\/\/api.w.org\/{rel}","templated":true}]}}