{"id":7586,"date":"2026-02-07T09:35:39","date_gmt":"2026-02-07T09:35:39","guid":{"rendered":"https:\/\/visitparnu.com\/konverents\/elamused\/gustav-faberge-malestusmark\/"},"modified":"2026-05-01T00:19:00","modified_gmt":"2026-05-01T00:19:00","slug":"gustav-faberge-malestusmark","status":"publish","type":"elamused","link":"https:\/\/visitparnu.com\/konverents\/elamused\/gustav-faberge-malestusmark\/","title":{"rendered":"Gustav Faberg\u00e9 m\u00e4lestusm\u00e4rk"},"content":{"rendered":"<p>Gustav Faberg\u00e9 (1814\u20131893) oli P\u00e4rnus s\u00fcndinud kullasepp, Peterburis tegutsenud <strong>Faberg\u00e9 kullassepa\u00e4ri asutaja<\/strong>. Tema poeg Peter Carl Faberg\u00e9`st oli maailmakuulus juveliir, kes sai tuntuks eelk\u00f5ige oma rikkalikult<strong> juveelidega kaunistatud v\u00e4\u00e4rismetallist\u00a0<\/strong><strong>lihav\u00f5ttemunadega<\/strong>. Lisaks Venemaa keisrikojale tellisid t\u00f6id ka k\u00f5ik Euroopa kuningakojad.\u00a0Faberge mune kohtab\u00a0 palju ka P\u00e4rnust p\u00e4rit kunstnik Tiina Ojaste imelistel maalidel.<strong><br \/><\/strong><br \/>Gustav Faberg\u00e9 auks on P\u00e4rnusse p\u00fcstitatud <strong>pronksist monument<\/strong>, mille kinkis P\u00e4rnule Eesti juurtega juveliir Alexander Tenzo.<\/p>\n","protected":false},"featured_media":7587,"template":"","tegevuse_tuup":[415],"tegevuse_asukoht":[],"class_list":["post-7586","elamused","type-elamused","status-publish","has-post-thumbnail","hentry","tegevuse_tuup-kunst-ja-disain"],"acf":[],"yoast_head":"<!-- This site is optimized with the Yoast SEO plugin v27.1.1 - https:\/\/yoast.com\/product\/yoast-seo-wordpress\/ -->\n<title>Gustav Faberg\u00e9 m\u00e4lestusm\u00e4rk - BusinessP\u00e4rnu<\/title>\n<meta name=\"robots\" content=\"index, follow, max-snippet:-1, max-image-preview:large, max-video-preview:-1\" \/>\n<link rel=\"canonical\" href=\"https:\/\/visitparnu.com\/konverents\/elamused\/gustav-faberge-malestusmark\/\" \/>\n<meta property=\"og:locale\" content=\"en_US\" \/>\n<meta property=\"og:type\" content=\"article\" \/>\n<meta property=\"og:title\" content=\"Gustav Faberg\u00e9 m\u00e4lestusm\u00e4rk - BusinessP\u00e4rnu\" \/>\n<meta property=\"og:description\" content=\"Gustav Faberg\u00e9 (1814\u20131893) oli P\u00e4rnus s\u00fcndinud kullasepp, Peterburis tegutsenud Faberg\u00e9 kullassepa\u00e4ri asutaja. Tema poeg Peter Carl Faberg\u00e9`st oli maailmakuulus juveliir, kes sai tuntuks eelk\u00f5ige oma rikkalikult juveelidega kaunistatud v\u00e4\u00e4rismetallist\u00a0lihav\u00f5ttemunadega. Lisaks Venemaa keisrikojale tellisid t\u00f6id ka k\u00f5ik Euroopa kuningakojad.\u00a0Faberge mune kohtab\u00a0 palju ka P\u00e4rnust p\u00e4rit kunstnik Tiina Ojaste imelistel maalidel.Gustav Faberg\u00e9 auks on P\u00e4rnusse p\u00fcstitatud pronksist [&hellip;]\" \/>\n<meta property=\"og:url\" content=\"https:\/\/visitparnu.com\/konverents\/elamused\/gustav-faberge-malestusmark\/\" \/>\n<meta property=\"og:site_name\" content=\"BusinessP\u00e4rnu\" \/>\n<meta property=\"article:modified_time\" content=\"2026-05-01T00:19:00+00:00\" \/>\n<meta property=\"og:image\" content=\"https:\/\/visitparnu.com\/konverents\/wp-content\/uploads\/2026\/02\/gustav-faberge-visit-estonia.jpg\" \/>\n\t<meta property=\"og:image:width\" content=\"1920\" \/>\n\t<meta property=\"og:image:height\" content=\"800\" \/>\n\t<meta property=\"og:image:type\" content=\"image\/jpeg\" \/>\n<meta name=\"twitter:card\" content=\"summary_large_image\" \/>\n<script type=\"application\/ld+json\" class=\"yoast-schema-graph\">{\"@context\":\"https:\/\/schema.org\",\"@graph\":[{\"@type\":\"WebPage\",\"@id\":\"https:\/\/visitparnu.com\/konverents\/elamused\/gustav-faberge-malestusmark\/\",\"url\":\"https:\/\/visitparnu.com\/konverents\/elamused\/gustav-faberge-malestusmark\/\",\"name\":\"Gustav Faberg\u00e9 m\u00e4lestusm\u00e4rk - BusinessP\u00e4rnu\",\"isPartOf\":{\"@id\":\"https:\/\/visitparnu.com\/konverents\/#website\"},\"primaryImageOfPage\":{\"@id\":\"https:\/\/visitparnu.com\/konverents\/elamused\/gustav-faberge-malestusmark\/#primaryimage\"},\"image\":{\"@id\":\"https:\/\/visitparnu.com\/konverents\/elamused\/gustav-faberge-malestusmark\/#primaryimage\"},\"thumbnailUrl\":\"https:\/\/visitparnu.com\/konverents\/wp-content\/uploads\/2026\/02\/gustav-faberge-visit-estonia.jpg\",\"datePublished\":\"2026-02-07T09:35:39+00:00\",\"dateModified\":\"2026-05-01T00:19:00+00:00\",\"breadcrumb\":{\"@id\":\"https:\/\/visitparnu.com\/konverents\/elamused\/gustav-faberge-malestusmark\/#breadcrumb\"},\"inLanguage\":\"en-US\",\"potentialAction\":[{\"@type\":\"ReadAction\",\"target\":[\"https:\/\/visitparnu.com\/konverents\/elamused\/gustav-faberge-malestusmark\/\"]}]},{\"@type\":\"ImageObject\",\"inLanguage\":\"en-US\",\"@id\":\"https:\/\/visitparnu.com\/konverents\/elamused\/gustav-faberge-malestusmark\/#primaryimage\",\"url\":\"https:\/\/visitparnu.com\/konverents\/wp-content\/uploads\/2026\/02\/gustav-faberge-visit-estonia.jpg\",\"contentUrl\":\"https:\/\/visitparnu.com\/konverents\/wp-content\/uploads\/2026\/02\/gustav-faberge-visit-estonia.jpg\",\"width\":1920,\"height\":800},{\"@type\":\"BreadcrumbList\",\"@id\":\"https:\/\/visitparnu.com\/konverents\/elamused\/gustav-faberge-malestusmark\/#breadcrumb\",\"itemListElement\":[{\"@type\":\"ListItem\",\"position\":1,\"name\":\"Home\",\"item\":\"https:\/\/visitparnu.com\/konverents\/\"},{\"@type\":\"ListItem\",\"position\":2,\"name\":\"Experiences\",\"item\":\"https:\/\/visitparnu.com\/konverents\/en\/experiences\/\"},{\"@type\":\"ListItem\",\"position\":3,\"name\":\"Gustav Faberg\u00e9 m\u00e4lestusm\u00e4rk\"}]},{\"@type\":\"WebSite\",\"@id\":\"https:\/\/visitparnu.com\/konverents\/#website\",\"url\":\"https:\/\/visitparnu.com\/konverents\/\",\"name\":\"BusinessP\u00e4rnu\",\"description\":\"J\u00e4rgmine WordPress veebileht\",\"publisher\":{\"@id\":\"https:\/\/visitparnu.com\/konverents\/#organization\"},\"potentialAction\":[{\"@type\":\"SearchAction\",\"target\":{\"@type\":\"EntryPoint\",\"urlTemplate\":\"https:\/\/visitparnu.com\/konverents\/?s={search_term_string}\"},\"query-input\":{\"@type\":\"PropertyValueSpecification\",\"valueRequired\":true,\"valueName\":\"search_term_string\"}}],\"inLanguage\":\"en-US\"},{\"@type\":\"Organization\",\"@id\":\"https:\/\/visitparnu.com\/konverents\/#organization\",\"name\":\"BusinessP\u00e4rnu\",\"url\":\"https:\/\/visitparnu.com\/konverents\/\",\"logo\":{\"@type\":\"ImageObject\",\"inLanguage\":\"en-US\",\"@id\":\"https:\/\/visitparnu.com\/konverents\/#\/schema\/logo\/image\/\",\"url\":\"https:\/\/visitparnu.com\/konverents\/wp-content\/uploads\/2025\/07\/Logo-ver2.svg\",\"contentUrl\":\"https:\/\/visitparnu.com\/konverents\/wp-content\/uploads\/2025\/07\/Logo-ver2.svg\",\"width\":1200,\"height\":517,\"caption\":\"BusinessP\u00e4rnu\"},\"image\":{\"@id\":\"https:\/\/visitparnu.com\/konverents\/#\/schema\/logo\/image\/\"}}]}<\/script>\n<!-- \/ Yoast SEO plugin. -->","yoast_head_json":{"title":"Gustav Faberg\u00e9 m\u00e4lestusm\u00e4rk - BusinessP\u00e4rnu","robots":{"index":"index","follow":"follow","max-snippet":"max-snippet:-1","max-image-preview":"max-image-preview:large","max-video-preview":"max-video-preview:-1"},"canonical":"https:\/\/visitparnu.com\/konverents\/elamused\/gustav-faberge-malestusmark\/","og_locale":"en_US","og_type":"article","og_title":"Gustav Faberg\u00e9 m\u00e4lestusm\u00e4rk - BusinessP\u00e4rnu","og_description":"Gustav Faberg\u00e9 (1814\u20131893) oli P\u00e4rnus s\u00fcndinud kullasepp, Peterburis tegutsenud Faberg\u00e9 kullassepa\u00e4ri asutaja. Tema poeg Peter Carl Faberg\u00e9`st oli maailmakuulus juveliir, kes sai tuntuks eelk\u00f5ige oma rikkalikult juveelidega kaunistatud v\u00e4\u00e4rismetallist\u00a0lihav\u00f5ttemunadega. Lisaks Venemaa keisrikojale tellisid t\u00f6id ka k\u00f5ik Euroopa kuningakojad.\u00a0Faberge mune kohtab\u00a0 palju ka P\u00e4rnust p\u00e4rit kunstnik Tiina Ojaste imelistel maalidel.Gustav Faberg\u00e9 auks on P\u00e4rnusse p\u00fcstitatud pronksist [&hellip;]","og_url":"https:\/\/visitparnu.com\/konverents\/elamused\/gustav-faberge-malestusmark\/","og_site_name":"BusinessP\u00e4rnu","article_modified_time":"2026-05-01T00:19:00+00:00","og_image":[{"width":1920,"height":800,"url":"https:\/\/visitparnu.com\/konverents\/wp-content\/uploads\/2026\/02\/gustav-faberge-visit-estonia.jpg","type":"image\/jpeg"}],"twitter_card":"summary_large_image","schema":{"@context":"https:\/\/schema.org","@graph":[{"@type":"WebPage","@id":"https:\/\/visitparnu.com\/konverents\/elamused\/gustav-faberge-malestusmark\/","url":"https:\/\/visitparnu.com\/konverents\/elamused\/gustav-faberge-malestusmark\/","name":"Gustav Faberg\u00e9 m\u00e4lestusm\u00e4rk - BusinessP\u00e4rnu","isPartOf":{"@id":"https:\/\/visitparnu.com\/konverents\/#website"},"primaryImageOfPage":{"@id":"https:\/\/visitparnu.com\/konverents\/elamused\/gustav-faberge-malestusmark\/#primaryimage"},"image":{"@id":"https:\/\/visitparnu.com\/konverents\/elamused\/gustav-faberge-malestusmark\/#primaryimage"},"thumbnailUrl":"https:\/\/visitparnu.com\/konverents\/wp-content\/uploads\/2026\/02\/gustav-faberge-visit-estonia.jpg","datePublished":"2026-02-07T09:35:39+00:00","dateModified":"2026-05-01T00:19:00+00:00","breadcrumb":{"@id":"https:\/\/visitparnu.com\/konverents\/elamused\/gustav-faberge-malestusmark\/#breadcrumb"},"inLanguage":"en-US","potentialAction":[{"@type":"ReadAction","target":["https:\/\/visitparnu.com\/konverents\/elamused\/gustav-faberge-malestusmark\/"]}]},{"@type":"ImageObject","inLanguage":"en-US","@id":"https:\/\/visitparnu.com\/konverents\/elamused\/gustav-faberge-malestusmark\/#primaryimage","url":"https:\/\/visitparnu.com\/konverents\/wp-content\/uploads\/2026\/02\/gustav-faberge-visit-estonia.jpg","contentUrl":"https:\/\/visitparnu.com\/konverents\/wp-content\/uploads\/2026\/02\/gustav-faberge-visit-estonia.jpg","width":1920,"height":800},{"@type":"BreadcrumbList","@id":"https:\/\/visitparnu.com\/konverents\/elamused\/gustav-faberge-malestusmark\/#breadcrumb","itemListElement":[{"@type":"ListItem","position":1,"name":"Home","item":"https:\/\/visitparnu.com\/konverents\/"},{"@type":"ListItem","position":2,"name":"Experiences","item":"https:\/\/visitparnu.com\/konverents\/en\/experiences\/"},{"@type":"ListItem","position":3,"name":"Gustav Faberg\u00e9 m\u00e4lestusm\u00e4rk"}]},{"@type":"WebSite","@id":"https:\/\/visitparnu.com\/konverents\/#website","url":"https:\/\/visitparnu.com\/konverents\/","name":"BusinessP\u00e4rnu","description":"J\u00e4rgmine WordPress veebileht","publisher":{"@id":"https:\/\/visitparnu.com\/konverents\/#organization"},"potentialAction":[{"@type":"SearchAction","target":{"@type":"EntryPoint","urlTemplate":"https:\/\/visitparnu.com\/konverents\/?s={search_term_string}"},"query-input":{"@type":"PropertyValueSpecification","valueRequired":true,"valueName":"search_term_string"}}],"inLanguage":"en-US"},{"@type":"Organization","@id":"https:\/\/visitparnu.com\/konverents\/#organization","name":"BusinessP\u00e4rnu","url":"https:\/\/visitparnu.com\/konverents\/","logo":{"@type":"ImageObject","inLanguage":"en-US","@id":"https:\/\/visitparnu.com\/konverents\/#\/schema\/logo\/image\/","url":"https:\/\/visitparnu.com\/konverents\/wp-content\/uploads\/2025\/07\/Logo-ver2.svg","contentUrl":"https:\/\/visitparnu.com\/konverents\/wp-content\/uploads\/2025\/07\/Logo-ver2.svg","width":1200,"height":517,"caption":"BusinessP\u00e4rnu"},"image":{"@id":"https:\/\/visitparnu.com\/konverents\/#\/schema\/logo\/image\/"}}]}},"_links":{"self":[{"href":"https:\/\/visitparnu.com\/konverents\/wp-json\/wp\/v2\/elamused\/7586","targetHints":{"allow":["GET"]}}],"collection":[{"href":"https:\/\/visitparnu.com\/konverents\/wp-json\/wp\/v2\/elamused"}],"about":[{"href":"https:\/\/visitparnu.com\/konverents\/wp-json\/wp\/v2\/types\/elamused"}],"version-history":[{"count":1,"href":"https:\/\/visitparnu.com\/konverents\/wp-json\/wp\/v2\/elamused\/7586\/revisions"}],"predecessor-version":[{"id":8257,"href":"https:\/\/visitparnu.com\/konverents\/wp-json\/wp\/v2\/elamused\/7586\/revisions\/8257"}],"wp:featuredmedia":[{"embeddable":true,"href":"https:\/\/visitparnu.com\/konverents\/wp-json\/wp\/v2\/media\/7587"}],"wp:attachment":[{"href":"https:\/\/visitparnu.com\/konverents\/wp-json\/wp\/v2\/media?parent=7586"}],"wp:term":[{"taxonomy":"tegevuse_tuup","embeddable":true,"href":"https:\/\/visitparnu.com\/konverents\/wp-json\/wp\/v2\/tegevuse_tuup?post=7586"},{"taxonomy":"tegevuse_asukoht","embeddable":true,"href":"https:\/\/visitparnu.com\/konverents\/wp-json\/wp\/v2\/tegevuse_asukoht?post=7586"}],"curies":[{"name":"wp","href":"https:\/\/api.w.org\/{rel}","templated":true}]}}