{"id":7201,"date":"2026-02-07T09:25:48","date_gmt":"2026-02-07T09:25:48","guid":{"rendered":"https:\/\/visitparnu.com\/konverents\/elamused\/elamuspaev-jaisel-parnu-lahel\/"},"modified":"2026-05-02T00:07:46","modified_gmt":"2026-05-02T00:07:46","slug":"elamuspaev-jaisel-parnu-lahel","status":"publish","type":"elamused","link":"https:\/\/visitparnu.com\/konverents\/elamused\/elamuspaev-jaisel-parnu-lahel\/","title":{"rendered":"Elamusp\u00e4ev j\u00e4isel P\u00e4rnu lahel"},"content":{"rendered":"<p>Tee midagi t\u00e4iesti uut \u2013 korralda oma s\u00fcnnip\u00e4ev, koosviibimine v\u00f5i firmapidu P\u00e4rnu merej\u00e4\u00e4l! <br \/>Reisi esimeseks sihtpuntiks on suured j\u00e4\u00e4pangad P\u00e4rnu muuli tipus, kus toimub kiire ja l\u00f5bus fotosessioon. J\u00e4\u00e4pankadelt suundume kalastusplatsidele kuni 3 km kaldast, kuhu seame \u00fcles m\u00f5nusa laagri, kalastame ja peame j\u00e4\u00e4piknikku.<\/p>\n<p>Pakett sisaldab:<br \/>\u2013 turvaline transport Kalatakso masinatega P\u00e4rnu lahele<br \/>\u2013 p\u00e4evajuht-kalastusgiid, kes hoiab tuju k\u00f5rgel ning \u00f5petab kalap\u00fc\u00fcki j\u00e4\u00e4l<br \/>\u2013 vajalik p\u00fc\u00fcgivarustus talikalastuseks<br \/>\u2013 l\u00f5ke, pukklauad, rannatoolid<br \/>\u2013 soojad joogid ja toitlustus vastavalt kokkuleppele<\/p>\n","protected":false},"featured_media":5691,"template":"","tegevuse_tuup":[485],"tegevuse_asukoht":[],"class_list":["post-7201","elamused","type-elamused","status-publish","has-post-thumbnail","hentry","tegevuse_tuup-aktiivne-puhkus"],"acf":[],"yoast_head":"<!-- This site is optimized with the Yoast SEO plugin v27.1.1 - https:\/\/yoast.com\/product\/yoast-seo-wordpress\/ -->\n<title>Elamusp\u00e4ev j\u00e4isel P\u00e4rnu lahel - BusinessP\u00e4rnu<\/title>\n<meta name=\"robots\" content=\"index, follow, max-snippet:-1, max-image-preview:large, max-video-preview:-1\" \/>\n<link rel=\"canonical\" href=\"https:\/\/visitparnu.com\/konverents\/elamused\/elamuspaev-jaisel-parnu-lahel\/\" \/>\n<meta property=\"og:locale\" content=\"en_US\" \/>\n<meta property=\"og:type\" content=\"article\" \/>\n<meta property=\"og:title\" content=\"Elamusp\u00e4ev j\u00e4isel P\u00e4rnu lahel - BusinessP\u00e4rnu\" \/>\n<meta property=\"og:description\" content=\"Tee midagi t\u00e4iesti uut \u2013 korralda oma s\u00fcnnip\u00e4ev, koosviibimine v\u00f5i firmapidu P\u00e4rnu merej\u00e4\u00e4l! Reisi esimeseks sihtpuntiks on suured j\u00e4\u00e4pangad P\u00e4rnu muuli tipus, kus toimub kiire ja l\u00f5bus fotosessioon. J\u00e4\u00e4pankadelt suundume kalastusplatsidele kuni 3 km kaldast, kuhu seame \u00fcles m\u00f5nusa laagri, kalastame ja peame j\u00e4\u00e4piknikku. Pakett sisaldab:\u2013 turvaline transport Kalatakso masinatega P\u00e4rnu lahele\u2013 p\u00e4evajuht-kalastusgiid, kes hoiab [&hellip;]\" \/>\n<meta property=\"og:url\" content=\"https:\/\/visitparnu.com\/konverents\/elamused\/elamuspaev-jaisel-parnu-lahel\/\" \/>\n<meta property=\"og:site_name\" content=\"BusinessP\u00e4rnu\" \/>\n<meta property=\"article:modified_time\" content=\"2026-05-02T00:07:46+00:00\" \/>\n<meta property=\"og:image\" content=\"https:\/\/visitparnu.com\/konverents\/wp-content\/uploads\/2025\/11\/elamuspaev-jaisel-parnu-lahel-011-visit-estonia-scaled.jpg\" \/>\n\t<meta property=\"og:image:width\" content=\"2560\" \/>\n\t<meta property=\"og:image:height\" content=\"1920\" \/>\n\t<meta property=\"og:image:type\" content=\"image\/jpeg\" \/>\n<meta name=\"twitter:card\" content=\"summary_large_image\" \/>\n<script type=\"application\/ld+json\" class=\"yoast-schema-graph\">{\"@context\":\"https:\/\/schema.org\",\"@graph\":[{\"@type\":\"WebPage\",\"@id\":\"https:\/\/visitparnu.com\/konverents\/elamused\/elamuspaev-jaisel-parnu-lahel\/\",\"url\":\"https:\/\/visitparnu.com\/konverents\/elamused\/elamuspaev-jaisel-parnu-lahel\/\",\"name\":\"Elamusp\u00e4ev j\u00e4isel P\u00e4rnu lahel - BusinessP\u00e4rnu\",\"isPartOf\":{\"@id\":\"https:\/\/visitparnu.com\/konverents\/#website\"},\"primaryImageOfPage\":{\"@id\":\"https:\/\/visitparnu.com\/konverents\/elamused\/elamuspaev-jaisel-parnu-lahel\/#primaryimage\"},\"image\":{\"@id\":\"https:\/\/visitparnu.com\/konverents\/elamused\/elamuspaev-jaisel-parnu-lahel\/#primaryimage\"},\"thumbnailUrl\":\"https:\/\/visitparnu.com\/konverents\/wp-content\/uploads\/2025\/11\/elamuspaev-jaisel-parnu-lahel-011-visit-estonia-scaled.jpg\",\"datePublished\":\"2026-02-07T09:25:48+00:00\",\"dateModified\":\"2026-05-02T00:07:46+00:00\",\"breadcrumb\":{\"@id\":\"https:\/\/visitparnu.com\/konverents\/elamused\/elamuspaev-jaisel-parnu-lahel\/#breadcrumb\"},\"inLanguage\":\"en-US\",\"potentialAction\":[{\"@type\":\"ReadAction\",\"target\":[\"https:\/\/visitparnu.com\/konverents\/elamused\/elamuspaev-jaisel-parnu-lahel\/\"]}]},{\"@type\":\"ImageObject\",\"inLanguage\":\"en-US\",\"@id\":\"https:\/\/visitparnu.com\/konverents\/elamused\/elamuspaev-jaisel-parnu-lahel\/#primaryimage\",\"url\":\"https:\/\/visitparnu.com\/konverents\/wp-content\/uploads\/2025\/11\/elamuspaev-jaisel-parnu-lahel-011-visit-estonia-scaled.jpg\",\"contentUrl\":\"https:\/\/visitparnu.com\/konverents\/wp-content\/uploads\/2025\/11\/elamuspaev-jaisel-parnu-lahel-011-visit-estonia-scaled.jpg\",\"width\":2560,\"height\":1920},{\"@type\":\"BreadcrumbList\",\"@id\":\"https:\/\/visitparnu.com\/konverents\/elamused\/elamuspaev-jaisel-parnu-lahel\/#breadcrumb\",\"itemListElement\":[{\"@type\":\"ListItem\",\"position\":1,\"name\":\"Home\",\"item\":\"https:\/\/visitparnu.com\/konverents\/\"},{\"@type\":\"ListItem\",\"position\":2,\"name\":\"Experiences\",\"item\":\"https:\/\/visitparnu.com\/konverents\/en\/experiences\/\"},{\"@type\":\"ListItem\",\"position\":3,\"name\":\"Elamusp\u00e4ev j\u00e4isel P\u00e4rnu lahel\"}]},{\"@type\":\"WebSite\",\"@id\":\"https:\/\/visitparnu.com\/konverents\/#website\",\"url\":\"https:\/\/visitparnu.com\/konverents\/\",\"name\":\"BusinessP\u00e4rnu\",\"description\":\"J\u00e4rgmine WordPress veebileht\",\"publisher\":{\"@id\":\"https:\/\/visitparnu.com\/konverents\/#organization\"},\"potentialAction\":[{\"@type\":\"SearchAction\",\"target\":{\"@type\":\"EntryPoint\",\"urlTemplate\":\"https:\/\/visitparnu.com\/konverents\/?s={search_term_string}\"},\"query-input\":{\"@type\":\"PropertyValueSpecification\",\"valueRequired\":true,\"valueName\":\"search_term_string\"}}],\"inLanguage\":\"en-US\"},{\"@type\":\"Organization\",\"@id\":\"https:\/\/visitparnu.com\/konverents\/#organization\",\"name\":\"BusinessP\u00e4rnu\",\"url\":\"https:\/\/visitparnu.com\/konverents\/\",\"logo\":{\"@type\":\"ImageObject\",\"inLanguage\":\"en-US\",\"@id\":\"https:\/\/visitparnu.com\/konverents\/#\/schema\/logo\/image\/\",\"url\":\"https:\/\/visitparnu.com\/konverents\/wp-content\/uploads\/2025\/07\/Logo-ver2.svg\",\"contentUrl\":\"https:\/\/visitparnu.com\/konverents\/wp-content\/uploads\/2025\/07\/Logo-ver2.svg\",\"width\":1200,\"height\":517,\"caption\":\"BusinessP\u00e4rnu\"},\"image\":{\"@id\":\"https:\/\/visitparnu.com\/konverents\/#\/schema\/logo\/image\/\"}}]}<\/script>\n<!-- \/ Yoast SEO plugin. -->","yoast_head_json":{"title":"Elamusp\u00e4ev j\u00e4isel P\u00e4rnu lahel - BusinessP\u00e4rnu","robots":{"index":"index","follow":"follow","max-snippet":"max-snippet:-1","max-image-preview":"max-image-preview:large","max-video-preview":"max-video-preview:-1"},"canonical":"https:\/\/visitparnu.com\/konverents\/elamused\/elamuspaev-jaisel-parnu-lahel\/","og_locale":"en_US","og_type":"article","og_title":"Elamusp\u00e4ev j\u00e4isel P\u00e4rnu lahel - BusinessP\u00e4rnu","og_description":"Tee midagi t\u00e4iesti uut \u2013 korralda oma s\u00fcnnip\u00e4ev, koosviibimine v\u00f5i firmapidu P\u00e4rnu merej\u00e4\u00e4l! Reisi esimeseks sihtpuntiks on suured j\u00e4\u00e4pangad P\u00e4rnu muuli tipus, kus toimub kiire ja l\u00f5bus fotosessioon. J\u00e4\u00e4pankadelt suundume kalastusplatsidele kuni 3 km kaldast, kuhu seame \u00fcles m\u00f5nusa laagri, kalastame ja peame j\u00e4\u00e4piknikku. Pakett sisaldab:\u2013 turvaline transport Kalatakso masinatega P\u00e4rnu lahele\u2013 p\u00e4evajuht-kalastusgiid, kes hoiab [&hellip;]","og_url":"https:\/\/visitparnu.com\/konverents\/elamused\/elamuspaev-jaisel-parnu-lahel\/","og_site_name":"BusinessP\u00e4rnu","article_modified_time":"2026-05-02T00:07:46+00:00","og_image":[{"width":2560,"height":1920,"url":"https:\/\/visitparnu.com\/konverents\/wp-content\/uploads\/2025\/11\/elamuspaev-jaisel-parnu-lahel-011-visit-estonia-scaled.jpg","type":"image\/jpeg"}],"twitter_card":"summary_large_image","schema":{"@context":"https:\/\/schema.org","@graph":[{"@type":"WebPage","@id":"https:\/\/visitparnu.com\/konverents\/elamused\/elamuspaev-jaisel-parnu-lahel\/","url":"https:\/\/visitparnu.com\/konverents\/elamused\/elamuspaev-jaisel-parnu-lahel\/","name":"Elamusp\u00e4ev j\u00e4isel P\u00e4rnu lahel - BusinessP\u00e4rnu","isPartOf":{"@id":"https:\/\/visitparnu.com\/konverents\/#website"},"primaryImageOfPage":{"@id":"https:\/\/visitparnu.com\/konverents\/elamused\/elamuspaev-jaisel-parnu-lahel\/#primaryimage"},"image":{"@id":"https:\/\/visitparnu.com\/konverents\/elamused\/elamuspaev-jaisel-parnu-lahel\/#primaryimage"},"thumbnailUrl":"https:\/\/visitparnu.com\/konverents\/wp-content\/uploads\/2025\/11\/elamuspaev-jaisel-parnu-lahel-011-visit-estonia-scaled.jpg","datePublished":"2026-02-07T09:25:48+00:00","dateModified":"2026-05-02T00:07:46+00:00","breadcrumb":{"@id":"https:\/\/visitparnu.com\/konverents\/elamused\/elamuspaev-jaisel-parnu-lahel\/#breadcrumb"},"inLanguage":"en-US","potentialAction":[{"@type":"ReadAction","target":["https:\/\/visitparnu.com\/konverents\/elamused\/elamuspaev-jaisel-parnu-lahel\/"]}]},{"@type":"ImageObject","inLanguage":"en-US","@id":"https:\/\/visitparnu.com\/konverents\/elamused\/elamuspaev-jaisel-parnu-lahel\/#primaryimage","url":"https:\/\/visitparnu.com\/konverents\/wp-content\/uploads\/2025\/11\/elamuspaev-jaisel-parnu-lahel-011-visit-estonia-scaled.jpg","contentUrl":"https:\/\/visitparnu.com\/konverents\/wp-content\/uploads\/2025\/11\/elamuspaev-jaisel-parnu-lahel-011-visit-estonia-scaled.jpg","width":2560,"height":1920},{"@type":"BreadcrumbList","@id":"https:\/\/visitparnu.com\/konverents\/elamused\/elamuspaev-jaisel-parnu-lahel\/#breadcrumb","itemListElement":[{"@type":"ListItem","position":1,"name":"Home","item":"https:\/\/visitparnu.com\/konverents\/"},{"@type":"ListItem","position":2,"name":"Experiences","item":"https:\/\/visitparnu.com\/konverents\/en\/experiences\/"},{"@type":"ListItem","position":3,"name":"Elamusp\u00e4ev j\u00e4isel P\u00e4rnu lahel"}]},{"@type":"WebSite","@id":"https:\/\/visitparnu.com\/konverents\/#website","url":"https:\/\/visitparnu.com\/konverents\/","name":"BusinessP\u00e4rnu","description":"J\u00e4rgmine WordPress veebileht","publisher":{"@id":"https:\/\/visitparnu.com\/konverents\/#organization"},"potentialAction":[{"@type":"SearchAction","target":{"@type":"EntryPoint","urlTemplate":"https:\/\/visitparnu.com\/konverents\/?s={search_term_string}"},"query-input":{"@type":"PropertyValueSpecification","valueRequired":true,"valueName":"search_term_string"}}],"inLanguage":"en-US"},{"@type":"Organization","@id":"https:\/\/visitparnu.com\/konverents\/#organization","name":"BusinessP\u00e4rnu","url":"https:\/\/visitparnu.com\/konverents\/","logo":{"@type":"ImageObject","inLanguage":"en-US","@id":"https:\/\/visitparnu.com\/konverents\/#\/schema\/logo\/image\/","url":"https:\/\/visitparnu.com\/konverents\/wp-content\/uploads\/2025\/07\/Logo-ver2.svg","contentUrl":"https:\/\/visitparnu.com\/konverents\/wp-content\/uploads\/2025\/07\/Logo-ver2.svg","width":1200,"height":517,"caption":"BusinessP\u00e4rnu"},"image":{"@id":"https:\/\/visitparnu.com\/konverents\/#\/schema\/logo\/image\/"}}]}},"_links":{"self":[{"href":"https:\/\/visitparnu.com\/konverents\/wp-json\/wp\/v2\/elamused\/7201","targetHints":{"allow":["GET"]}}],"collection":[{"href":"https:\/\/visitparnu.com\/konverents\/wp-json\/wp\/v2\/elamused"}],"about":[{"href":"https:\/\/visitparnu.com\/konverents\/wp-json\/wp\/v2\/types\/elamused"}],"version-history":[{"count":1,"href":"https:\/\/visitparnu.com\/konverents\/wp-json\/wp\/v2\/elamused\/7201\/revisions"}],"predecessor-version":[{"id":7980,"href":"https:\/\/visitparnu.com\/konverents\/wp-json\/wp\/v2\/elamused\/7201\/revisions\/7980"}],"wp:featuredmedia":[{"embeddable":true,"href":"https:\/\/visitparnu.com\/konverents\/wp-json\/wp\/v2\/media\/5691"}],"wp:attachment":[{"href":"https:\/\/visitparnu.com\/konverents\/wp-json\/wp\/v2\/media?parent=7201"}],"wp:term":[{"taxonomy":"tegevuse_tuup","embeddable":true,"href":"https:\/\/visitparnu.com\/konverents\/wp-json\/wp\/v2\/tegevuse_tuup?post=7201"},{"taxonomy":"tegevuse_asukoht","embeddable":true,"href":"https:\/\/visitparnu.com\/konverents\/wp-json\/wp\/v2\/tegevuse_asukoht?post=7201"}],"curies":[{"name":"wp","href":"https:\/\/api.w.org\/{rel}","templated":true}]}}