{"id":14551,"date":"2026-04-28T00:05:53","date_gmt":"2026-04-28T00:05:53","guid":{"rendered":"https:\/\/visitparnu.com\/konverents\/elamused\/talvine-kalapuugi-kogemus-sauga-kalurikulas\/"},"modified":"2026-05-01T00:07:12","modified_gmt":"2026-05-01T00:07:12","slug":"talvine-kalapuugi-kogemus-sauga-kalurikulas","status":"publish","type":"elamused","link":"https:\/\/visitparnu.com\/konverents\/elamused\/talvine-kalapuugi-kogemus-sauga-kalurikulas\/","title":{"rendered":"Talvine kalap\u00fc\u00fcgi kogemus Sauga kalurik\u00fclas"},"content":{"rendered":"<p>Kui sul on P\u00e4rnus olles natuke vaba aega ja soovid seda m\u00f5nusalt sisustada v\u00e4rskes \u00f5hus pere, s\u00f5prade v\u00f5i kolleegidega, <strong>siis paaritunnine kalap\u00fc\u00fck j\u00e4\u00e4l on just sulle<\/strong>.<\/p>\n<p>\u00dclevaate talvisest kalap\u00fc\u00fcgist anname siinsamas <strong>Sauga kalurik\u00fclas<\/strong> v\u00f5i meie enda v\u00e4iksel kalarikkal tiigil.<\/p>\n<p>Tutvustame talvise j\u00e4\u00e4p\u00fc\u00fcgi algt\u00f5desid, puurime koos j\u00e4\u00e4sse augud, s\u00f6\u00f6dame koha sisse, tirgutame. K\u00f5ik saavad hakkama ning p\u00f5nevust jagub!\u00a0<\/p>\n<p>Teie poolt soojad riided, meie poolt kogenud kalagiid, kalap\u00fc\u00fcgiload, varustus.<\/p>\n<p>Lisatasu eest valmistame teie seltskonnale pajas kalasuppi v\u00f5i k\u00fcpsetame l\u00f5kkel l<strong>\u00f5\u00f5makala.\u00a0<\/strong><\/p>\n<p>\u00a0<\/p>\n","protected":false},"featured_media":15104,"template":"","tegevuse_tuup":[485],"tegevuse_asukoht":[],"class_list":["post-14551","elamused","type-elamused","status-publish","has-post-thumbnail","hentry","tegevuse_tuup-aktiivne-puhkus"],"acf":[],"yoast_head":"<!-- This site is optimized with the Yoast SEO plugin v27.1.1 - https:\/\/yoast.com\/product\/yoast-seo-wordpress\/ -->\n<title>Talvine kalap\u00fc\u00fcgi kogemus Sauga kalurik\u00fclas - BusinessP\u00e4rnu<\/title>\n<meta name=\"robots\" content=\"index, follow, max-snippet:-1, max-image-preview:large, max-video-preview:-1\" \/>\n<link rel=\"canonical\" href=\"https:\/\/visitparnu.com\/konverents\/elamused\/talvine-kalapuugi-kogemus-sauga-kalurikulas\/\" \/>\n<meta property=\"og:locale\" content=\"en_US\" \/>\n<meta property=\"og:type\" content=\"article\" \/>\n<meta property=\"og:title\" content=\"Talvine kalap\u00fc\u00fcgi kogemus Sauga kalurik\u00fclas - BusinessP\u00e4rnu\" \/>\n<meta property=\"og:description\" content=\"Kui sul on P\u00e4rnus olles natuke vaba aega ja soovid seda m\u00f5nusalt sisustada v\u00e4rskes \u00f5hus pere, s\u00f5prade v\u00f5i kolleegidega, siis paaritunnine kalap\u00fc\u00fck j\u00e4\u00e4l on just sulle. \u00dclevaate talvisest kalap\u00fc\u00fcgist anname siinsamas Sauga kalurik\u00fclas v\u00f5i meie enda v\u00e4iksel kalarikkal tiigil. Tutvustame talvise j\u00e4\u00e4p\u00fc\u00fcgi algt\u00f5desid, puurime koos j\u00e4\u00e4sse augud, s\u00f6\u00f6dame koha sisse, tirgutame. K\u00f5ik saavad hakkama ning [&hellip;]\" \/>\n<meta property=\"og:url\" content=\"https:\/\/visitparnu.com\/konverents\/elamused\/talvine-kalapuugi-kogemus-sauga-kalurikulas\/\" \/>\n<meta property=\"og:site_name\" content=\"BusinessP\u00e4rnu\" \/>\n<meta property=\"article:modified_time\" content=\"2026-05-01T00:07:12+00:00\" \/>\n<meta property=\"og:image\" content=\"https:\/\/visitparnu.com\/konverents\/wp-content\/uploads\/2026\/04\/TalipC3BCC3BCgivarustus-5.jpg\" \/>\n\t<meta property=\"og:image:width\" content=\"1006\" \/>\n\t<meta property=\"og:image:height\" content=\"566\" \/>\n\t<meta property=\"og:image:type\" content=\"image\/jpeg\" \/>\n<meta name=\"twitter:card\" content=\"summary_large_image\" \/>\n<meta name=\"twitter:label1\" content=\"Est. reading time\" \/>\n\t<meta name=\"twitter:data1\" content=\"1 minute\" \/>\n<script type=\"application\/ld+json\" class=\"yoast-schema-graph\">{\"@context\":\"https:\/\/schema.org\",\"@graph\":[{\"@type\":\"WebPage\",\"@id\":\"https:\/\/visitparnu.com\/konverents\/elamused\/talvine-kalapuugi-kogemus-sauga-kalurikulas\/\",\"url\":\"https:\/\/visitparnu.com\/konverents\/elamused\/talvine-kalapuugi-kogemus-sauga-kalurikulas\/\",\"name\":\"Talvine kalap\u00fc\u00fcgi kogemus Sauga kalurik\u00fclas - BusinessP\u00e4rnu\",\"isPartOf\":{\"@id\":\"https:\/\/visitparnu.com\/konverents\/#website\"},\"primaryImageOfPage\":{\"@id\":\"https:\/\/visitparnu.com\/konverents\/elamused\/talvine-kalapuugi-kogemus-sauga-kalurikulas\/#primaryimage\"},\"image\":{\"@id\":\"https:\/\/visitparnu.com\/konverents\/elamused\/talvine-kalapuugi-kogemus-sauga-kalurikulas\/#primaryimage\"},\"thumbnailUrl\":\"https:\/\/visitparnu.com\/konverents\/wp-content\/uploads\/2026\/04\/TalipC3BCC3BCgivarustus-7.jpg\",\"datePublished\":\"2026-04-28T00:05:53+00:00\",\"dateModified\":\"2026-05-01T00:07:12+00:00\",\"breadcrumb\":{\"@id\":\"https:\/\/visitparnu.com\/konverents\/elamused\/talvine-kalapuugi-kogemus-sauga-kalurikulas\/#breadcrumb\"},\"inLanguage\":\"en-US\",\"potentialAction\":[{\"@type\":\"ReadAction\",\"target\":[\"https:\/\/visitparnu.com\/konverents\/elamused\/talvine-kalapuugi-kogemus-sauga-kalurikulas\/\"]}]},{\"@type\":\"ImageObject\",\"inLanguage\":\"en-US\",\"@id\":\"https:\/\/visitparnu.com\/konverents\/elamused\/talvine-kalapuugi-kogemus-sauga-kalurikulas\/#primaryimage\",\"url\":\"https:\/\/visitparnu.com\/konverents\/wp-content\/uploads\/2026\/04\/TalipC3BCC3BCgivarustus-7.jpg\",\"contentUrl\":\"https:\/\/visitparnu.com\/konverents\/wp-content\/uploads\/2026\/04\/TalipC3BCC3BCgivarustus-7.jpg\",\"width\":1006,\"height\":566},{\"@type\":\"BreadcrumbList\",\"@id\":\"https:\/\/visitparnu.com\/konverents\/elamused\/talvine-kalapuugi-kogemus-sauga-kalurikulas\/#breadcrumb\",\"itemListElement\":[{\"@type\":\"ListItem\",\"position\":1,\"name\":\"Home\",\"item\":\"https:\/\/visitparnu.com\/konverents\/\"},{\"@type\":\"ListItem\",\"position\":2,\"name\":\"Experiences\",\"item\":\"https:\/\/visitparnu.com\/konverents\/en\/experiences\/\"},{\"@type\":\"ListItem\",\"position\":3,\"name\":\"Talvine kalap\u00fc\u00fcgi kogemus Sauga kalurik\u00fclas\"}]},{\"@type\":\"WebSite\",\"@id\":\"https:\/\/visitparnu.com\/konverents\/#website\",\"url\":\"https:\/\/visitparnu.com\/konverents\/\",\"name\":\"BusinessP\u00e4rnu\",\"description\":\"J\u00e4rgmine WordPress veebileht\",\"publisher\":{\"@id\":\"https:\/\/visitparnu.com\/konverents\/#organization\"},\"potentialAction\":[{\"@type\":\"SearchAction\",\"target\":{\"@type\":\"EntryPoint\",\"urlTemplate\":\"https:\/\/visitparnu.com\/konverents\/?s={search_term_string}\"},\"query-input\":{\"@type\":\"PropertyValueSpecification\",\"valueRequired\":true,\"valueName\":\"search_term_string\"}}],\"inLanguage\":\"en-US\"},{\"@type\":\"Organization\",\"@id\":\"https:\/\/visitparnu.com\/konverents\/#organization\",\"name\":\"BusinessP\u00e4rnu\",\"url\":\"https:\/\/visitparnu.com\/konverents\/\",\"logo\":{\"@type\":\"ImageObject\",\"inLanguage\":\"en-US\",\"@id\":\"https:\/\/visitparnu.com\/konverents\/#\/schema\/logo\/image\/\",\"url\":\"https:\/\/visitparnu.com\/konverents\/wp-content\/uploads\/2025\/07\/Logo-ver2.svg\",\"contentUrl\":\"https:\/\/visitparnu.com\/konverents\/wp-content\/uploads\/2025\/07\/Logo-ver2.svg\",\"width\":1200,\"height\":517,\"caption\":\"BusinessP\u00e4rnu\"},\"image\":{\"@id\":\"https:\/\/visitparnu.com\/konverents\/#\/schema\/logo\/image\/\"}}]}<\/script>\n<!-- \/ Yoast SEO plugin. -->","yoast_head_json":{"title":"Talvine kalap\u00fc\u00fcgi kogemus Sauga kalurik\u00fclas - BusinessP\u00e4rnu","robots":{"index":"index","follow":"follow","max-snippet":"max-snippet:-1","max-image-preview":"max-image-preview:large","max-video-preview":"max-video-preview:-1"},"canonical":"https:\/\/visitparnu.com\/konverents\/elamused\/talvine-kalapuugi-kogemus-sauga-kalurikulas\/","og_locale":"en_US","og_type":"article","og_title":"Talvine kalap\u00fc\u00fcgi kogemus Sauga kalurik\u00fclas - BusinessP\u00e4rnu","og_description":"Kui sul on P\u00e4rnus olles natuke vaba aega ja soovid seda m\u00f5nusalt sisustada v\u00e4rskes \u00f5hus pere, s\u00f5prade v\u00f5i kolleegidega, siis paaritunnine kalap\u00fc\u00fck j\u00e4\u00e4l on just sulle. \u00dclevaate talvisest kalap\u00fc\u00fcgist anname siinsamas Sauga kalurik\u00fclas v\u00f5i meie enda v\u00e4iksel kalarikkal tiigil. Tutvustame talvise j\u00e4\u00e4p\u00fc\u00fcgi algt\u00f5desid, puurime koos j\u00e4\u00e4sse augud, s\u00f6\u00f6dame koha sisse, tirgutame. K\u00f5ik saavad hakkama ning [&hellip;]","og_url":"https:\/\/visitparnu.com\/konverents\/elamused\/talvine-kalapuugi-kogemus-sauga-kalurikulas\/","og_site_name":"BusinessP\u00e4rnu","article_modified_time":"2026-05-01T00:07:12+00:00","og_image":[{"width":1006,"height":566,"url":"https:\/\/visitparnu.com\/konverents\/wp-content\/uploads\/2026\/04\/TalipC3BCC3BCgivarustus-5.jpg","type":"image\/jpeg"}],"twitter_card":"summary_large_image","twitter_misc":{"Est. reading time":"1 minute"},"schema":{"@context":"https:\/\/schema.org","@graph":[{"@type":"WebPage","@id":"https:\/\/visitparnu.com\/konverents\/elamused\/talvine-kalapuugi-kogemus-sauga-kalurikulas\/","url":"https:\/\/visitparnu.com\/konverents\/elamused\/talvine-kalapuugi-kogemus-sauga-kalurikulas\/","name":"Talvine kalap\u00fc\u00fcgi kogemus Sauga kalurik\u00fclas - BusinessP\u00e4rnu","isPartOf":{"@id":"https:\/\/visitparnu.com\/konverents\/#website"},"primaryImageOfPage":{"@id":"https:\/\/visitparnu.com\/konverents\/elamused\/talvine-kalapuugi-kogemus-sauga-kalurikulas\/#primaryimage"},"image":{"@id":"https:\/\/visitparnu.com\/konverents\/elamused\/talvine-kalapuugi-kogemus-sauga-kalurikulas\/#primaryimage"},"thumbnailUrl":"https:\/\/visitparnu.com\/konverents\/wp-content\/uploads\/2026\/04\/TalipC3BCC3BCgivarustus-7.jpg","datePublished":"2026-04-28T00:05:53+00:00","dateModified":"2026-05-01T00:07:12+00:00","breadcrumb":{"@id":"https:\/\/visitparnu.com\/konverents\/elamused\/talvine-kalapuugi-kogemus-sauga-kalurikulas\/#breadcrumb"},"inLanguage":"en-US","potentialAction":[{"@type":"ReadAction","target":["https:\/\/visitparnu.com\/konverents\/elamused\/talvine-kalapuugi-kogemus-sauga-kalurikulas\/"]}]},{"@type":"ImageObject","inLanguage":"en-US","@id":"https:\/\/visitparnu.com\/konverents\/elamused\/talvine-kalapuugi-kogemus-sauga-kalurikulas\/#primaryimage","url":"https:\/\/visitparnu.com\/konverents\/wp-content\/uploads\/2026\/04\/TalipC3BCC3BCgivarustus-7.jpg","contentUrl":"https:\/\/visitparnu.com\/konverents\/wp-content\/uploads\/2026\/04\/TalipC3BCC3BCgivarustus-7.jpg","width":1006,"height":566},{"@type":"BreadcrumbList","@id":"https:\/\/visitparnu.com\/konverents\/elamused\/talvine-kalapuugi-kogemus-sauga-kalurikulas\/#breadcrumb","itemListElement":[{"@type":"ListItem","position":1,"name":"Home","item":"https:\/\/visitparnu.com\/konverents\/"},{"@type":"ListItem","position":2,"name":"Experiences","item":"https:\/\/visitparnu.com\/konverents\/en\/experiences\/"},{"@type":"ListItem","position":3,"name":"Talvine kalap\u00fc\u00fcgi kogemus Sauga kalurik\u00fclas"}]},{"@type":"WebSite","@id":"https:\/\/visitparnu.com\/konverents\/#website","url":"https:\/\/visitparnu.com\/konverents\/","name":"BusinessP\u00e4rnu","description":"J\u00e4rgmine WordPress veebileht","publisher":{"@id":"https:\/\/visitparnu.com\/konverents\/#organization"},"potentialAction":[{"@type":"SearchAction","target":{"@type":"EntryPoint","urlTemplate":"https:\/\/visitparnu.com\/konverents\/?s={search_term_string}"},"query-input":{"@type":"PropertyValueSpecification","valueRequired":true,"valueName":"search_term_string"}}],"inLanguage":"en-US"},{"@type":"Organization","@id":"https:\/\/visitparnu.com\/konverents\/#organization","name":"BusinessP\u00e4rnu","url":"https:\/\/visitparnu.com\/konverents\/","logo":{"@type":"ImageObject","inLanguage":"en-US","@id":"https:\/\/visitparnu.com\/konverents\/#\/schema\/logo\/image\/","url":"https:\/\/visitparnu.com\/konverents\/wp-content\/uploads\/2025\/07\/Logo-ver2.svg","contentUrl":"https:\/\/visitparnu.com\/konverents\/wp-content\/uploads\/2025\/07\/Logo-ver2.svg","width":1200,"height":517,"caption":"BusinessP\u00e4rnu"},"image":{"@id":"https:\/\/visitparnu.com\/konverents\/#\/schema\/logo\/image\/"}}]}},"_links":{"self":[{"href":"https:\/\/visitparnu.com\/konverents\/wp-json\/wp\/v2\/elamused\/14551","targetHints":{"allow":["GET"]}}],"collection":[{"href":"https:\/\/visitparnu.com\/konverents\/wp-json\/wp\/v2\/elamused"}],"about":[{"href":"https:\/\/visitparnu.com\/konverents\/wp-json\/wp\/v2\/types\/elamused"}],"version-history":[{"count":1,"href":"https:\/\/visitparnu.com\/konverents\/wp-json\/wp\/v2\/elamused\/14551\/revisions"}],"predecessor-version":[{"id":14729,"href":"https:\/\/visitparnu.com\/konverents\/wp-json\/wp\/v2\/elamused\/14551\/revisions\/14729"}],"wp:featuredmedia":[{"embeddable":true,"href":"https:\/\/visitparnu.com\/konverents\/wp-json\/wp\/v2\/media\/15104"}],"wp:attachment":[{"href":"https:\/\/visitparnu.com\/konverents\/wp-json\/wp\/v2\/media?parent=14551"}],"wp:term":[{"taxonomy":"tegevuse_tuup","embeddable":true,"href":"https:\/\/visitparnu.com\/konverents\/wp-json\/wp\/v2\/tegevuse_tuup?post=14551"},{"taxonomy":"tegevuse_asukoht","embeddable":true,"href":"https:\/\/visitparnu.com\/konverents\/wp-json\/wp\/v2\/tegevuse_asukoht?post=14551"}],"curies":[{"name":"wp","href":"https:\/\/api.w.org\/{rel}","templated":true}]}}