{"id":5068192,"date":"2025-04-11T13:50:32","date_gmt":"2025-04-11T11:50:32","guid":{"rendered":"https:\/\/visitparnu.com\/supeluse\/gustav-espe-maja\/"},"modified":"2025-04-11T13:50:32","modified_gmt":"2025-04-11T11:50:32","slug":"gustav-espe-maja","status":"publish","type":"supeluse","link":"https:\/\/visitparnu.com\/en\/supeluse\/gustav-espe-maja\/","title":{"rendered":"GUSTAV ESPE MAJA"},"content":{"rendered":"<p><strong><span class=\"fontstyle0\">Elumaja Nikolai ja Supeluse t\u00e4navate nurgale ehitab Franz B\u00fcttner 1887. aastal. Peatselt valmib ka v\u00e4ikest korterit peitev \u00f5uemaja. N\u00f5ukogude ajal eraldatakse need eraldi kinnistuteks ja saavad erinevad aadressid.<\/span><\/strong><\/p>\n<p>&nbsp;<\/p>\n<p><span class=\"fontstyle2\">\u00a0<img fetchpriority=\"high\" decoding=\"async\" class=\" wp-image-5051419 alignleft\" src=\"https:\/\/visitparnu.com\/wp-content\/uploads\/2025\/04\/Sup5_02-212x300.jpg\" alt=\"\" width=\"250\" height=\"354\" srcset=\"https:\/\/visitparnu.com\/wp-content\/uploads\/2025\/04\/Sup5_02-212x300.jpg 212w, https:\/\/visitparnu.com\/wp-content\/uploads\/2025\/04\/Sup5_02.jpg 550w\" sizes=\"(max-width: 250px) 100vw, 250px\" \/><span class=\"fontstyle2\">Alates sajandivahetusest on maja omanikuks Rakverest P\u00e4rnusse, oma abikaasa kodulinna kolinud maalermeister <\/span><strong><span class=\"fontstyle0\">Gustav Espe <\/span><\/strong><span class=\"fontstyle2\">(1864-1944). Ta oli 1892. aastal v\u00f5tnud naiseks P\u00e4rnust p\u00e4rit neiu Pauline Luise Ratziborinsky (1866-1939), perelegendi j\u00e4rgi juba Poola ajast Liivi kubermangu j\u00e4\u00e4nud poolaka j\u00e4reltulija, Pauline isa oli t\u00e4ie\u00f5iguslik P\u00e4rnu kodanik, habemeajaja Cyprian Ratziborinsky (snd 1824).<\/span><\/span><\/p>\n<p><span class=\"fontstyle2\">Gustav Espest sai aktiivne P\u00e4rnu linnakodanik, kahes koosseisus ka linnavolikogu liige. Ta oli 1902. aastal P\u00e4rnu II laulupeo korralduskomisjoni liige (1902), aga ka n\u00e4iteks P\u00e4rnu linna uulitsate pr\u00fcgitamise komisjoni liige. 1919. aastal aitas ta korraldada <\/span><span class=\"fontstyle2\">esimest Eesti Vabariigi aastap\u00e4eva t\u00e4histamist linnas, oli P\u00e4rnu Majaomanikkude seltsi eestseisuse liige. <\/span><span class=\"fontstyle2\">Pikaajalise teenistuse eest P\u00e4rnu Vabatahtliku Tulet\u00f5rje Seltsi korrapidajate r\u00fchma liikmena valiti ta 1936. aastal seltsi auliikmeks.<\/span><\/p>\n<p><span class=\"fontstyle2\">Erialalt oli Gustav Espe oli maaler, v\u00e4rvis maju ja valmistas k\u00f5ikv\u00f5imalikke reklaamsilte. \u00ab<\/span><span class=\"fontstyle3\">&#8230; k\u00f5nnid m\u00f6\u00f6da P\u00e4rnu haruldaste parkide haruldlasi k\u00f5nniteid ja p\u00f6\u00f6rad sammud ka linnat\u00e4navaile. Ning endalegi ootamatult leiutad P\u00e4rnu populaarsema nime. G. Espe nimi ilutseb igal, w\u00f5i peaaegu igal sildil, olgu see siis plekist, puust W\u00f5i olgu see lihtsalt seinale maalitud reklaamkiri.<\/span><span class=\"fontstyle2\">\u00bb (v\u00e4ljav\u00f5te ajalehest Tallinna Post, 12 juuli 1935)<\/span><\/p>\n<p><img decoding=\"async\" class=\"wp-image-5051420 alignleft\" src=\"https:\/\/visitparnu.com\/wp-content\/uploads\/2025\/04\/Sup5_03-300x195.jpg\" alt=\"\" width=\"351\" height=\"228\" srcset=\"https:\/\/visitparnu.com\/wp-content\/uploads\/2025\/04\/Sup5_03-300x195.jpg 300w, https:\/\/visitparnu.com\/wp-content\/uploads\/2025\/04\/Sup5_03-1024x666.jpg 1024w, https:\/\/visitparnu.com\/wp-content\/uploads\/2025\/04\/Sup5_03-768x499.jpg 768w, https:\/\/visitparnu.com\/wp-content\/uploads\/2025\/04\/Sup5_03.jpg 1200w\" sizes=\"(max-width: 351px) 100vw, 351px\" \/><\/p>\n<p><span class=\"fontstyle2\">Lisaks oli ka tegu harrastuskunstnikuga. Tema p\u00e4randit pole palju s\u00e4ilinud ega seet\u00f5ttu ka p\u00f5hjalikult uuritud. <\/span><span class=\"fontstyle2\">K\u00fcll aga on kaks teost s\u00e4ilinud Espe abikaasa Pauline sugulaste j\u00e4reltulijatel.<\/span><\/p>\n<p><span class=\"fontstyle2\">Ametijuubeli puhul avaldatud \u00f5nnituses iseloomustati Espet kui \u00e4rkamisaegsetele ideaalidele vastavat inimest, kel omane aateline ja rahvuslik vaimulaad.<\/span><\/p>\n<p><span class=\"fontstyle2\">Gustav Espe sureb 1944. aastal.<\/span><\/p>\n<p>&nbsp;<\/p>\n<p><span class=\"fontstyle2\"><img decoding=\"async\" class=\" wp-image-5051418 alignleft\" src=\"https:\/\/visitparnu.com\/wp-content\/uploads\/2025\/04\/Sup5_01-300x195.jpg\" alt=\"\" width=\"349\" height=\"227\" srcset=\"https:\/\/visitparnu.com\/wp-content\/uploads\/2025\/04\/Sup5_01-300x195.jpg 300w, https:\/\/visitparnu.com\/wp-content\/uploads\/2025\/04\/Sup5_01-1024x666.jpg 1024w, https:\/\/visitparnu.com\/wp-content\/uploads\/2025\/04\/Sup5_01-768x499.jpg 768w, https:\/\/visitparnu.com\/wp-content\/uploads\/2025\/04\/Sup5_01.jpg 1200w\" sizes=\"(max-width: 349px) 100vw, 349px\" \/>Kinnistu p\u00e4rijaks saab Espe poeg <\/span><span class=\"fontstyle0\"><strong>Erich Adalbert Espe<\/strong> <\/span><span class=\"fontstyle2\">(1898-1960), Peterburis ja Riia pol\u00fctehnikumis \u00f5ppinud mees, kes alates 1928. aastast oli t\u00f6\u00f6tanud Tallinna peatolliameti \u00fclemana. Vabaduss\u00f5jast soomusrongi kaptenina osa v\u00f5tnud mees p\u00e4\u00e4ses n\u00f5ukogude repressioonidest vaid seet\u00f5ttu, et 1941. aastal sunniti nn. reservohvitseride mobilisatsiooni raames liituma Punaarmeega. S\u00f5ja j\u00e4rel elas ta P\u00e4rnus vanemate majas, millest tal n\u00fc\u00fcd oli kasutada vaid v\u00e4ike korter. Kui Erich Espe 1960. aastal sureb, m\u00fc\u00fcb tema p\u00e4rija, Ameerika \u00dchendriikidesse emigreerunud \u00f5de Hilda maja korteritena erinevatele omanikele.<\/span><\/p>\n<p><span class=\"fontstyle2\">\u00a0<\/span><span class=\"fontstyle2\">Aastate jooksul vahetavad korterid pidevalt <\/span><span class=\"fontstyle2\">omanikke, 1974. aasta m\u00e4rtsis jaotatakse krunt kaheks &#8211; nurgapealse elumaja aadressiks saab V\u00f5idu t\u00e4nav 32 (n\u00fc\u00fcd Nikolai 32) ja kunagisest hoovimajast ehitatud elamu aadressiks j\u00e4\u00e4b Supeluse 5.<\/span><\/p>\n<p><strong><span class=\"fontstyle0\">Kohvik Supelsaksad<\/span><\/strong><\/p>\n<p><span class=\"fontstyle2\"><img loading=\"lazy\" decoding=\"async\" class=\" wp-image-5051421 alignleft\" src=\"https:\/\/visitparnu.com\/wp-content\/uploads\/2025\/04\/Sup5_04-300x195.jpg\" alt=\"\" width=\"350\" height=\"228\" srcset=\"https:\/\/visitparnu.com\/wp-content\/uploads\/2025\/04\/Sup5_04-300x195.jpg 300w, https:\/\/visitparnu.com\/wp-content\/uploads\/2025\/04\/Sup5_04-1024x666.jpg 1024w, https:\/\/visitparnu.com\/wp-content\/uploads\/2025\/04\/Sup5_04-768x499.jpg 768w, https:\/\/visitparnu.com\/wp-content\/uploads\/2025\/04\/Sup5_04.jpg 1200w\" sizes=\"(max-width: 350px) 100vw, 350px\" \/>2009. aasta detsembris avatakse vanas puumajas romantiline kohvik, mille v\u00e4rvikirev ja samas nostalgiline sisekujundus (kujundajad Ruth ja Anna Huimerind) teeb kummarduse vabariigiaegsele supelkultuuri kuldajastule. Kohvik p\u00e4lvib avamise j\u00e4rel Eesti Sisearhitektide Liidu parima s\u00f6\u00f6gikoha interj\u00f6\u00f6ri preemia ja 2012. aastal Eesti parima kohviku auhinna \u00abH\u00f5belusikas\u00bb.<\/span><\/p>\n","protected":false},"featured_media":0,"template":"","meta":{"_acf_changed":false,"footnotes":""},"class_list":["post-5068192","supeluse","type-supeluse","status-publish","hentry"],"acf":[],"yoast_head":"<!-- This site is optimized with the Yoast SEO plugin v27.5 - https:\/\/yoast.com\/product\/yoast-seo-wordpress\/ -->\n<title>GUSTAV ESPE MAJA - Visit P\u00e4rnu<\/title>\n<meta name=\"robots\" content=\"index, follow, max-snippet:-1, max-image-preview:large, max-video-preview:-1\" \/>\n<link rel=\"canonical\" href=\"https:\/\/visitparnu.com\/en\/supeluse\/gustav-espe-maja\/\" \/>\n<meta property=\"og:locale\" content=\"en_US\" \/>\n<meta property=\"og:type\" content=\"article\" \/>\n<meta property=\"og:title\" content=\"GUSTAV ESPE MAJA - Visit P\u00e4rnu\" \/>\n<meta property=\"og:description\" content=\"Elumaja Nikolai ja Supeluse t\u00e4navate nurgale ehitab Franz B\u00fcttner 1887. aastal. Peatselt valmib ka v\u00e4ikest korterit peitev \u00f5uemaja. N\u00f5ukogude ajal eraldatakse need eraldi kinnistuteks ja saavad erinevad aadressid. &nbsp; \u00a0Alates sajandivahetusest on maja omanikuks Rakverest P\u00e4rnusse, oma abikaasa kodulinna kolinud maalermeister Gustav Espe (1864-1944). Ta oli 1892. aastal v\u00f5tnud naiseks P\u00e4rnust p\u00e4rit neiu Pauline Luise [&hellip;]\" \/>\n<meta property=\"og:url\" content=\"https:\/\/visitparnu.com\/en\/supeluse\/gustav-espe-maja\/\" \/>\n<meta property=\"og:site_name\" content=\"Visit P\u00e4rnu\" \/>\n<meta property=\"article:publisher\" content=\"https:\/\/www.facebook.com\/visitparnuEE\/\" \/>\n<meta property=\"og:image\" content=\"https:\/\/visitparnu.com\/wp-content\/uploads\/2025\/04\/Sup5_02.jpg\" \/>\n\t<meta property=\"og:image:width\" content=\"550\" \/>\n\t<meta property=\"og:image:height\" content=\"780\" \/>\n\t<meta property=\"og:image:type\" content=\"image\/jpeg\" \/>\n<meta name=\"twitter:card\" content=\"summary_large_image\" \/>\n<meta name=\"twitter:label1\" content=\"Est. reading time\" \/>\n\t<meta name=\"twitter:data1\" content=\"2 minutes\" \/>\n<script type=\"application\/ld+json\" class=\"yoast-schema-graph\">{\"@context\":\"https:\\\/\\\/schema.org\",\"@graph\":[{\"@type\":\"WebPage\",\"@id\":\"https:\\\/\\\/visitparnu.com\\\/en\\\/supeluse\\\/gustav-espe-maja\\\/\",\"url\":\"https:\\\/\\\/visitparnu.com\\\/en\\\/supeluse\\\/gustav-espe-maja\\\/\",\"name\":\"GUSTAV ESPE MAJA - Visit P\u00e4rnu\",\"isPartOf\":{\"@id\":\"https:\\\/\\\/visitparnu.com\\\/en\\\/#website\"},\"primaryImageOfPage\":{\"@id\":\"https:\\\/\\\/visitparnu.com\\\/en\\\/supeluse\\\/gustav-espe-maja\\\/#primaryimage\"},\"image\":{\"@id\":\"https:\\\/\\\/visitparnu.com\\\/en\\\/supeluse\\\/gustav-espe-maja\\\/#primaryimage\"},\"thumbnailUrl\":\"https:\\\/\\\/visitparnu.com\\\/wp-content\\\/uploads\\\/2025\\\/04\\\/Sup5_02-212x300.jpg\",\"datePublished\":\"2025-04-11T11:50:32+00:00\",\"breadcrumb\":{\"@id\":\"https:\\\/\\\/visitparnu.com\\\/en\\\/supeluse\\\/gustav-espe-maja\\\/#breadcrumb\"},\"inLanguage\":\"en-US\",\"potentialAction\":[{\"@type\":\"ReadAction\",\"target\":[\"https:\\\/\\\/visitparnu.com\\\/en\\\/supeluse\\\/gustav-espe-maja\\\/\"]}]},{\"@type\":\"ImageObject\",\"inLanguage\":\"en-US\",\"@id\":\"https:\\\/\\\/visitparnu.com\\\/en\\\/supeluse\\\/gustav-espe-maja\\\/#primaryimage\",\"url\":\"https:\\\/\\\/visitparnu.com\\\/wp-content\\\/uploads\\\/2025\\\/04\\\/Sup5_02-212x300.jpg\",\"contentUrl\":\"https:\\\/\\\/visitparnu.com\\\/wp-content\\\/uploads\\\/2025\\\/04\\\/Sup5_02-212x300.jpg\"},{\"@type\":\"BreadcrumbList\",\"@id\":\"https:\\\/\\\/visitparnu.com\\\/en\\\/supeluse\\\/gustav-espe-maja\\\/#breadcrumb\",\"itemListElement\":[{\"@type\":\"ListItem\",\"position\":1,\"name\":\"\",\"item\":\"https:\\\/\\\/visitparnu.com\\\/en\\\/\"},{\"@type\":\"ListItem\",\"position\":2,\"name\":\"GUSTAV ESPE MAJA\"}]},{\"@type\":\"WebSite\",\"@id\":\"https:\\\/\\\/visitparnu.com\\\/en\\\/#website\",\"url\":\"https:\\\/\\\/visitparnu.com\\\/en\\\/\",\"name\":\"Visit P\u00e4rnu\",\"description\":\"\",\"publisher\":{\"@id\":\"https:\\\/\\\/visitparnu.com\\\/en\\\/#organization\"},\"potentialAction\":[{\"@type\":\"SearchAction\",\"target\":{\"@type\":\"EntryPoint\",\"urlTemplate\":\"https:\\\/\\\/visitparnu.com\\\/en\\\/?s={search_term_string}\"},\"query-input\":{\"@type\":\"PropertyValueSpecification\",\"valueRequired\":true,\"valueName\":\"search_term_string\"}}],\"inLanguage\":\"en-US\"},{\"@type\":\"Organization\",\"@id\":\"https:\\\/\\\/visitparnu.com\\\/en\\\/#organization\",\"name\":\"Visit P\u00e4rnu\",\"url\":\"https:\\\/\\\/visitparnu.com\\\/en\\\/\",\"logo\":{\"@type\":\"ImageObject\",\"inLanguage\":\"en-US\",\"@id\":\"https:\\\/\\\/visitparnu.com\\\/en\\\/#\\\/schema\\\/logo\\\/image\\\/\",\"url\":\"https:\\\/\\\/visitparnu.com\\\/wp-content\\\/uploads\\\/2022\\\/11\\\/VP_logo.svg\",\"contentUrl\":\"https:\\\/\\\/visitparnu.com\\\/wp-content\\\/uploads\\\/2022\\\/11\\\/VP_logo.svg\",\"width\":305,\"height\":33,\"caption\":\"Visit P\u00e4rnu\"},\"image\":{\"@id\":\"https:\\\/\\\/visitparnu.com\\\/en\\\/#\\\/schema\\\/logo\\\/image\\\/\"},\"sameAs\":[\"https:\\\/\\\/www.facebook.com\\\/visitparnuEE\\\/\",\"https:\\\/\\\/www.youtube.com\\\/user\\\/visitparnuestonia\\\/\",\"https:\\\/\\\/www.instagram.com\\\/visitparnu\\\/\"]}]}<\/script>\n<!-- \/ Yoast SEO plugin. -->","yoast_head_json":{"title":"GUSTAV ESPE MAJA - Visit P\u00e4rnu","robots":{"index":"index","follow":"follow","max-snippet":"max-snippet:-1","max-image-preview":"max-image-preview:large","max-video-preview":"max-video-preview:-1"},"canonical":"https:\/\/visitparnu.com\/en\/supeluse\/gustav-espe-maja\/","og_locale":"en_US","og_type":"article","og_title":"GUSTAV ESPE MAJA - Visit P\u00e4rnu","og_description":"Elumaja Nikolai ja Supeluse t\u00e4navate nurgale ehitab Franz B\u00fcttner 1887. aastal. Peatselt valmib ka v\u00e4ikest korterit peitev \u00f5uemaja. N\u00f5ukogude ajal eraldatakse need eraldi kinnistuteks ja saavad erinevad aadressid. &nbsp; \u00a0Alates sajandivahetusest on maja omanikuks Rakverest P\u00e4rnusse, oma abikaasa kodulinna kolinud maalermeister Gustav Espe (1864-1944). Ta oli 1892. aastal v\u00f5tnud naiseks P\u00e4rnust p\u00e4rit neiu Pauline Luise [&hellip;]","og_url":"https:\/\/visitparnu.com\/en\/supeluse\/gustav-espe-maja\/","og_site_name":"Visit P\u00e4rnu","article_publisher":"https:\/\/www.facebook.com\/visitparnuEE\/","og_image":[{"width":550,"height":780,"url":"https:\/\/visitparnu.com\/wp-content\/uploads\/2025\/04\/Sup5_02.jpg","type":"image\/jpeg"}],"twitter_card":"summary_large_image","twitter_misc":{"Est. reading time":"2 minutes"},"schema":{"@context":"https:\/\/schema.org","@graph":[{"@type":"WebPage","@id":"https:\/\/visitparnu.com\/en\/supeluse\/gustav-espe-maja\/","url":"https:\/\/visitparnu.com\/en\/supeluse\/gustav-espe-maja\/","name":"GUSTAV ESPE MAJA - Visit P\u00e4rnu","isPartOf":{"@id":"https:\/\/visitparnu.com\/en\/#website"},"primaryImageOfPage":{"@id":"https:\/\/visitparnu.com\/en\/supeluse\/gustav-espe-maja\/#primaryimage"},"image":{"@id":"https:\/\/visitparnu.com\/en\/supeluse\/gustav-espe-maja\/#primaryimage"},"thumbnailUrl":"https:\/\/visitparnu.com\/wp-content\/uploads\/2025\/04\/Sup5_02-212x300.jpg","datePublished":"2025-04-11T11:50:32+00:00","breadcrumb":{"@id":"https:\/\/visitparnu.com\/en\/supeluse\/gustav-espe-maja\/#breadcrumb"},"inLanguage":"en-US","potentialAction":[{"@type":"ReadAction","target":["https:\/\/visitparnu.com\/en\/supeluse\/gustav-espe-maja\/"]}]},{"@type":"ImageObject","inLanguage":"en-US","@id":"https:\/\/visitparnu.com\/en\/supeluse\/gustav-espe-maja\/#primaryimage","url":"https:\/\/visitparnu.com\/wp-content\/uploads\/2025\/04\/Sup5_02-212x300.jpg","contentUrl":"https:\/\/visitparnu.com\/wp-content\/uploads\/2025\/04\/Sup5_02-212x300.jpg"},{"@type":"BreadcrumbList","@id":"https:\/\/visitparnu.com\/en\/supeluse\/gustav-espe-maja\/#breadcrumb","itemListElement":[{"@type":"ListItem","position":1,"name":"","item":"https:\/\/visitparnu.com\/en\/"},{"@type":"ListItem","position":2,"name":"GUSTAV ESPE MAJA"}]},{"@type":"WebSite","@id":"https:\/\/visitparnu.com\/en\/#website","url":"https:\/\/visitparnu.com\/en\/","name":"Visit P\u00e4rnu","description":"","publisher":{"@id":"https:\/\/visitparnu.com\/en\/#organization"},"potentialAction":[{"@type":"SearchAction","target":{"@type":"EntryPoint","urlTemplate":"https:\/\/visitparnu.com\/en\/?s={search_term_string}"},"query-input":{"@type":"PropertyValueSpecification","valueRequired":true,"valueName":"search_term_string"}}],"inLanguage":"en-US"},{"@type":"Organization","@id":"https:\/\/visitparnu.com\/en\/#organization","name":"Visit P\u00e4rnu","url":"https:\/\/visitparnu.com\/en\/","logo":{"@type":"ImageObject","inLanguage":"en-US","@id":"https:\/\/visitparnu.com\/en\/#\/schema\/logo\/image\/","url":"https:\/\/visitparnu.com\/wp-content\/uploads\/2022\/11\/VP_logo.svg","contentUrl":"https:\/\/visitparnu.com\/wp-content\/uploads\/2022\/11\/VP_logo.svg","width":305,"height":33,"caption":"Visit P\u00e4rnu"},"image":{"@id":"https:\/\/visitparnu.com\/en\/#\/schema\/logo\/image\/"},"sameAs":["https:\/\/www.facebook.com\/visitparnuEE\/","https:\/\/www.youtube.com\/user\/visitparnuestonia\/","https:\/\/www.instagram.com\/visitparnu\/"]}]}},"_links":{"self":[{"href":"https:\/\/visitparnu.com\/en\/wp-json\/wp\/v2\/supeluse\/5068192","targetHints":{"allow":["GET"]}}],"collection":[{"href":"https:\/\/visitparnu.com\/en\/wp-json\/wp\/v2\/supeluse"}],"about":[{"href":"https:\/\/visitparnu.com\/en\/wp-json\/wp\/v2\/types\/supeluse"}],"version-history":[{"count":0,"href":"https:\/\/visitparnu.com\/en\/wp-json\/wp\/v2\/supeluse\/5068192\/revisions"}],"wp:attachment":[{"href":"https:\/\/visitparnu.com\/en\/wp-json\/wp\/v2\/media?parent=5068192"}],"curies":[{"name":"wp","href":"https:\/\/api.w.org\/{rel}","templated":true}]}}