{"id":5068183,"date":"2025-04-11T14:08:30","date_gmt":"2025-04-11T12:08:30","guid":{"rendered":"https:\/\/visitparnu.com\/supeluse\/breede-maja\/"},"modified":"2025-04-11T14:08:30","modified_gmt":"2025-04-11T12:08:30","slug":"breede-maja","status":"publish","type":"supeluse","link":"https:\/\/visitparnu.com\/en\/supeluse\/breede-maja\/","title":{"rendered":"BREEDE MAJA"},"content":{"rendered":"<p><strong><span class=\"fontstyle0\">Varasemalt, kui Supeluse t\u00e4nav veel v\u00e4lja kujunemata, oli tegu oli \u00e4\u00e4rmise krundiga eeslinna servas vastu linna karjamaad, maja ehitamise aasta ja selle esimesed omanikud on teadmata. Teada on vaid see, et 1857. aastal ostab \u00e4sja lesestunud Julie Hebenstreit podr\u00e4tsik Jakov Poro\u0161ovilt puidust elumaja koos k\u00f5ige sinna juurde kuuluvaga.<\/span><\/strong><\/p>\n<p>&nbsp;<\/p>\n<p><span class=\"fontstyle0\"><img fetchpriority=\"high\" decoding=\"async\" class=\" wp-image-5051484 alignleft\" src=\"https:\/\/visitparnu.com\/wp-content\/uploads\/2025\/04\/Sup14_01-300x148.jpg\" alt=\"\" width=\"366\" height=\"180\" srcset=\"https:\/\/visitparnu.com\/wp-content\/uploads\/2025\/04\/Sup14_01-300x148.jpg 300w, https:\/\/visitparnu.com\/wp-content\/uploads\/2025\/04\/Sup14_01-1024x506.jpg 1024w, https:\/\/visitparnu.com\/wp-content\/uploads\/2025\/04\/Sup14_01-768x380.jpg 768w, https:\/\/visitparnu.com\/wp-content\/uploads\/2025\/04\/Sup14_01.jpg 1200w\" sizes=\"(max-width: 366px) 100vw, 366px\" \/><strong>Julie Dorothea Hebenstreit<\/strong> <\/span><span class=\"fontstyle2\">(1818-1902) on s\u00fcndinud Kuressaares ja abiellunud P\u00e4rnus laevakapten Johann Georg Hebenstreitiga (1817-1855). Kinnistu j\u00e4\u00e4b aastateks lese valdusse. Vana maja &#8211; praeguse hoonemahu merepoolse osa, laseb ta mitmes ehitusj\u00e4rgus laiendada. 1895. aastal m\u00fc\u00fcb ta kinnistu P\u00e4rnu g\u00fcmnaasiumi\u00f5petajale, saksastunud l\u00e4tlasele Ernst Breedele.<\/span><\/p>\n<p>&nbsp;<\/p>\n<p><strong><span class=\"fontstyle0\">L\u00e4ti \u00e4rkamisaja unustatud tegelane<\/span><\/strong><\/p>\n<p><span class=\"fontstyle0\"><strong>Ernst Friedrich Breede<\/strong> <\/span><span class=\"fontstyle2\">(1852-1937), l\u00e4tip\u00e4raselt Ernests Fridrihs Briedis, s\u00fcnnib talupidaja pojana Poperv\u0101le m\u00f5isas Kuramaal, omandab hariduse Miitavi (Jelgava) poeglaste g\u00fcmnaasiumis ning astub seej\u00e4rel 1872. aastal Tartu \u00dclikooli \u00f5ppima klassikalist filoloogiat.<\/span><\/p>\n<p><span class=\"fontstyle2\">Pseudon\u00fc\u00fcmi <\/span><span class=\"fontstyle3\">Bojenieks <\/span><span class=\"fontstyle2\">all avaldab peamiselt keele- ja kirjandusalaseid kaast\u00f6id L\u00e4ti ajalehtedele, lisaks 1871. aastal Riias kogumiku \u00abTr\u012bs dzied\u0101jumi\u00bb (\u00abKolm poeemi\u00bb) ning 1875. aastal n\u00e4idendi \u00abNedz pa labo, <\/span><span class=\"fontstyle2\">nedz pa kreiso\u00bb (\u00abEi paremale ega vasakule\u00bb), mis on \u00fcks vanemaid l\u00e4ti algup\u00e4raseid n\u00e4idendeid.<\/span><\/p>\n<p><span class=\"fontstyle2\">Peale \u00f5pinguid Tartus t\u00e4iendab end Peterburi \u00f5petajate seminaris ning aastast <\/span><span class=\"fontstyle2\">1884. tuleb P\u00e4rnusse vanade keelte <\/span><span class=\"fontstyle2\">\u00f5petajaks. P\u00e4rnusse asudes ta enam oma <\/span><span class=\"fontstyle2\">l\u00e4ti talupoja p\u00e4ritolu ei afi\u0161eeri, vaid <\/span><span class=\"fontstyle2\">sulandub siinsesse k\u00f5rgemasse saksa <\/span><span class=\"fontstyle2\">kogukonda, abielludes linnapea Georg <\/span><span class=\"fontstyle2\">Friedrich Rambachi t\u00fctre Elisabethiga. <\/span><span class=\"fontstyle2\">Seej\u00e4rel kaob ta l\u00e4ti kultuuriloo jaoks <\/span><span class=\"fontstyle2\">suuresti nii pildilt kui ka unustusse.<\/span><\/p>\n<p><span class=\"fontstyle2\"><img decoding=\"async\" class=\" wp-image-5051481 alignleft\" src=\"https:\/\/visitparnu.com\/wp-content\/uploads\/2025\/04\/Sup14_02-300x195.jpg\" alt=\"\" width=\"348\" height=\"226\" srcset=\"https:\/\/visitparnu.com\/wp-content\/uploads\/2025\/04\/Sup14_02-300x195.jpg 300w, https:\/\/visitparnu.com\/wp-content\/uploads\/2025\/04\/Sup14_02-1024x666.jpg 1024w, https:\/\/visitparnu.com\/wp-content\/uploads\/2025\/04\/Sup14_02-768x499.jpg 768w, https:\/\/visitparnu.com\/wp-content\/uploads\/2025\/04\/Sup14_02.jpg 1200w\" sizes=\"(max-width: 348px) 100vw, 348px\" \/>\u00d5petajana oli Breede samav\u00f5rd hinnatud <\/span><span class=\"fontstyle2\">ka \u00f5pilaste hulgas &#8211; aastatel 1896\u20131903 <\/span><span class=\"fontstyle2\">P\u00e4rnu g\u00fcmnaasiumis \u00f5ppinud Edgars <\/span><span class=\"fontstyle2\">Krievi\u0146\u0161, hilisem l\u00e4ti suursaadik Eestis, on meenutanud Breedet kui laiade intellektuaalsete huvidega n\u00f5udlikku \u00f5petajat [Australian Latvian, 10.09.1955]. Esimese ilmas\u00f5ja ajal, kui P\u00e4rnu g\u00fcmnaasium evakueeritakse Venemaale, saab Breedest uue, linna poolt asutatud kooli juhtimine. Ja kui noores Eesti Vabariigis hakkab kohalik saksa kogukond, tuginedes kultuurautonoomia seadusele, rajama omakeelset erag\u00fcmnaasiumi, siis saab Ernst Breedest 1919. aastal ka selle kooli esimene direktor.<\/span><\/p>\n<p><span class=\"fontstyle2\">Tegev\u00f5petaja karj\u00e4\u00e4ri l\u00f5petab Breede alles 70aastaselt, elades ikka samas, Supeluse t\u00e4nava majas. Tema punktuaalsuse kohta levis P\u00e4rnus linnalegend, nagu seadvaks supelsaksad oma kellad \u00f5igeks Breede j\u00e4rgi: iga p\u00e4ev t\u00e4pselt kell 12.00 v\u00e4ljub ta oma kodust Supeluse t\u00e4naval, et minna jalutama. Peale rasket haigust sureb Breede 19. detsembril 1937 ja maetakse P\u00e4rnu Alevi kalmistule. Kinnistu Supleuse t\u00e4naval j\u00e4\u00e4b Breede p\u00e4rijate k\u00e4tte kuni 1940. aastani, mil omaniketa j\u00e4\u00e4nud maja (Breede t\u00fctar Gertrud Koch on lahkunud \u00fcmberasumise k\u00e4igus Saksamaale) natsionaliseeritakse.<br \/>\n<\/span><\/p>\n<p><strong><span class=\"fontstyle0\">Majavalitsuse klubi<\/span><\/strong><\/p>\n<p><span class=\"fontstyle2\"><img decoding=\"async\" class=\" wp-image-5051483 alignleft\" src=\"https:\/\/visitparnu.com\/wp-content\/uploads\/2025\/04\/Sup14_04-300x195.jpg\" alt=\"\" width=\"349\" height=\"227\" srcset=\"https:\/\/visitparnu.com\/wp-content\/uploads\/2025\/04\/Sup14_04-300x195.jpg 300w, https:\/\/visitparnu.com\/wp-content\/uploads\/2025\/04\/Sup14_04-1024x666.jpg 1024w, https:\/\/visitparnu.com\/wp-content\/uploads\/2025\/04\/Sup14_04-768x499.jpg 768w, https:\/\/visitparnu.com\/wp-content\/uploads\/2025\/04\/Sup14_04.jpg 1200w\" sizes=\"(max-width: 349px) 100vw, 349px\" \/>Peale s\u00f5da l\u00e4heb maja P\u00e4rnu Linna Elamute Valitsuse hallata, kuid et 1960ndate alguseks on vana maja v\u00e4ga amortiseerunud ja korterid elamiseks k\u00f5lbmatud, otsustab elamutevalitsus paigutada siia oma ameti\u00fchingu klubi &#8211; kahest suuremast toast esimesel korrusel ehitatakse kokku avar saal ning siin hakkavad koos k\u00e4ima lasteringid ning rahva- ja peotantsur\u00fchmad. Lisaks klubile asutatakse siia majja piirkondlik korrakaitsepunkt, kuhu koonduvad piirkonna rahvamalevlased ehk t\u00e4nases m\u00f5istes vabatahtlikud abipolitseinikud, eesm\u00e4rgiks \u00fchiskondlikus korras heakorra tagamine linnaosas &#8211; magavate joodikute teisaldamine ning huligaanide taltsutamine.<\/span><\/p>\n<p><span class=\"fontstyle2\">Taasiseseisvumise j\u00e4rel pesitseb majas 1990ndate alul m\u00f5nd aega P\u00e4rnumaa Kodukaitse Malev. Seej\u00e4rel hakkavad vahetuma rentnikud, kes siin toitlustuskohta v\u00f5i baari <\/span><span class=\"fontstyle2\">pidada p\u00fc\u00fcavad. Pikemalt j\u00e4\u00e4b tegutsema 1998. aastal alustav ameerikalik k\u00f5rts nimega V\u00e4ike Texas ehk Texas Honky Tonk, mille men\u00fc\u00fc koostamisel loob kaasa P\u00e4rnu teatri n\u00e4itleja ja p\u00fchendunud kokakunstnik Peeter Kard. Peale aastatuhande vahetust kolib V\u00e4ike Texas Tallinnasse ja tegutseb seal t\u00e4naseni.<\/span><\/p>\n","protected":false},"featured_media":0,"template":"","meta":{"_acf_changed":false,"footnotes":""},"class_list":["post-5068183","supeluse","type-supeluse","status-publish","hentry"],"acf":[],"yoast_head":"<!-- This site is optimized with the Yoast SEO plugin v27.5 - https:\/\/yoast.com\/product\/yoast-seo-wordpress\/ -->\n<title>BREEDE MAJA - Visit P\u00e4rnu<\/title>\n<meta name=\"robots\" content=\"index, follow, max-snippet:-1, max-image-preview:large, max-video-preview:-1\" \/>\n<link rel=\"canonical\" href=\"https:\/\/visitparnu.com\/en\/supeluse\/breede-maja\/\" \/>\n<meta property=\"og:locale\" content=\"en_US\" \/>\n<meta property=\"og:type\" content=\"article\" \/>\n<meta property=\"og:title\" content=\"BREEDE MAJA - Visit P\u00e4rnu\" \/>\n<meta property=\"og:description\" content=\"Varasemalt, kui Supeluse t\u00e4nav veel v\u00e4lja kujunemata, oli tegu oli \u00e4\u00e4rmise krundiga eeslinna servas vastu linna karjamaad, maja ehitamise aasta ja selle esimesed omanikud on teadmata. Teada on vaid see, et 1857. aastal ostab \u00e4sja lesestunud Julie Hebenstreit podr\u00e4tsik Jakov Poro\u0161ovilt puidust elumaja koos k\u00f5ige sinna juurde kuuluvaga. &nbsp; Julie Dorothea Hebenstreit (1818-1902) on s\u00fcndinud [&hellip;]\" \/>\n<meta property=\"og:url\" content=\"https:\/\/visitparnu.com\/en\/supeluse\/breede-maja\/\" \/>\n<meta property=\"og:site_name\" content=\"Visit P\u00e4rnu\" \/>\n<meta property=\"article:publisher\" content=\"https:\/\/www.facebook.com\/visitparnuEE\/\" \/>\n<meta property=\"og:image\" content=\"https:\/\/visitparnu.com\/wp-content\/uploads\/2025\/04\/Sup14_01.jpg\" \/>\n\t<meta property=\"og:image:width\" content=\"1200\" \/>\n\t<meta property=\"og:image:height\" content=\"593\" \/>\n\t<meta property=\"og:image:type\" content=\"image\/jpeg\" \/>\n<meta name=\"twitter:card\" content=\"summary_large_image\" \/>\n<meta name=\"twitter:label1\" content=\"Est. reading time\" \/>\n\t<meta name=\"twitter:data1\" content=\"3 minutes\" \/>\n<script type=\"application\/ld+json\" class=\"yoast-schema-graph\">{\"@context\":\"https:\\\/\\\/schema.org\",\"@graph\":[{\"@type\":\"WebPage\",\"@id\":\"https:\\\/\\\/visitparnu.com\\\/en\\\/supeluse\\\/breede-maja\\\/\",\"url\":\"https:\\\/\\\/visitparnu.com\\\/en\\\/supeluse\\\/breede-maja\\\/\",\"name\":\"BREEDE MAJA - Visit P\u00e4rnu\",\"isPartOf\":{\"@id\":\"https:\\\/\\\/visitparnu.com\\\/en\\\/#website\"},\"primaryImageOfPage\":{\"@id\":\"https:\\\/\\\/visitparnu.com\\\/en\\\/supeluse\\\/breede-maja\\\/#primaryimage\"},\"image\":{\"@id\":\"https:\\\/\\\/visitparnu.com\\\/en\\\/supeluse\\\/breede-maja\\\/#primaryimage\"},\"thumbnailUrl\":\"https:\\\/\\\/visitparnu.com\\\/wp-content\\\/uploads\\\/2025\\\/04\\\/Sup14_01-300x148.jpg\",\"datePublished\":\"2025-04-11T12:08:30+00:00\",\"breadcrumb\":{\"@id\":\"https:\\\/\\\/visitparnu.com\\\/en\\\/supeluse\\\/breede-maja\\\/#breadcrumb\"},\"inLanguage\":\"en-US\",\"potentialAction\":[{\"@type\":\"ReadAction\",\"target\":[\"https:\\\/\\\/visitparnu.com\\\/en\\\/supeluse\\\/breede-maja\\\/\"]}]},{\"@type\":\"ImageObject\",\"inLanguage\":\"en-US\",\"@id\":\"https:\\\/\\\/visitparnu.com\\\/en\\\/supeluse\\\/breede-maja\\\/#primaryimage\",\"url\":\"https:\\\/\\\/visitparnu.com\\\/wp-content\\\/uploads\\\/2025\\\/04\\\/Sup14_01-300x148.jpg\",\"contentUrl\":\"https:\\\/\\\/visitparnu.com\\\/wp-content\\\/uploads\\\/2025\\\/04\\\/Sup14_01-300x148.jpg\"},{\"@type\":\"BreadcrumbList\",\"@id\":\"https:\\\/\\\/visitparnu.com\\\/en\\\/supeluse\\\/breede-maja\\\/#breadcrumb\",\"itemListElement\":[{\"@type\":\"ListItem\",\"position\":1,\"name\":\"\",\"item\":\"https:\\\/\\\/visitparnu.com\\\/en\\\/\"},{\"@type\":\"ListItem\",\"position\":2,\"name\":\"BREEDE MAJA\"}]},{\"@type\":\"WebSite\",\"@id\":\"https:\\\/\\\/visitparnu.com\\\/en\\\/#website\",\"url\":\"https:\\\/\\\/visitparnu.com\\\/en\\\/\",\"name\":\"Visit P\u00e4rnu\",\"description\":\"\",\"publisher\":{\"@id\":\"https:\\\/\\\/visitparnu.com\\\/en\\\/#organization\"},\"potentialAction\":[{\"@type\":\"SearchAction\",\"target\":{\"@type\":\"EntryPoint\",\"urlTemplate\":\"https:\\\/\\\/visitparnu.com\\\/en\\\/?s={search_term_string}\"},\"query-input\":{\"@type\":\"PropertyValueSpecification\",\"valueRequired\":true,\"valueName\":\"search_term_string\"}}],\"inLanguage\":\"en-US\"},{\"@type\":\"Organization\",\"@id\":\"https:\\\/\\\/visitparnu.com\\\/en\\\/#organization\",\"name\":\"Visit P\u00e4rnu\",\"url\":\"https:\\\/\\\/visitparnu.com\\\/en\\\/\",\"logo\":{\"@type\":\"ImageObject\",\"inLanguage\":\"en-US\",\"@id\":\"https:\\\/\\\/visitparnu.com\\\/en\\\/#\\\/schema\\\/logo\\\/image\\\/\",\"url\":\"https:\\\/\\\/visitparnu.com\\\/wp-content\\\/uploads\\\/2022\\\/11\\\/VP_logo.svg\",\"contentUrl\":\"https:\\\/\\\/visitparnu.com\\\/wp-content\\\/uploads\\\/2022\\\/11\\\/VP_logo.svg\",\"width\":305,\"height\":33,\"caption\":\"Visit P\u00e4rnu\"},\"image\":{\"@id\":\"https:\\\/\\\/visitparnu.com\\\/en\\\/#\\\/schema\\\/logo\\\/image\\\/\"},\"sameAs\":[\"https:\\\/\\\/www.facebook.com\\\/visitparnuEE\\\/\",\"https:\\\/\\\/www.youtube.com\\\/user\\\/visitparnuestonia\\\/\",\"https:\\\/\\\/www.instagram.com\\\/visitparnu\\\/\"]}]}<\/script>\n<!-- \/ Yoast SEO plugin. -->","yoast_head_json":{"title":"BREEDE MAJA - Visit P\u00e4rnu","robots":{"index":"index","follow":"follow","max-snippet":"max-snippet:-1","max-image-preview":"max-image-preview:large","max-video-preview":"max-video-preview:-1"},"canonical":"https:\/\/visitparnu.com\/en\/supeluse\/breede-maja\/","og_locale":"en_US","og_type":"article","og_title":"BREEDE MAJA - Visit P\u00e4rnu","og_description":"Varasemalt, kui Supeluse t\u00e4nav veel v\u00e4lja kujunemata, oli tegu oli \u00e4\u00e4rmise krundiga eeslinna servas vastu linna karjamaad, maja ehitamise aasta ja selle esimesed omanikud on teadmata. Teada on vaid see, et 1857. aastal ostab \u00e4sja lesestunud Julie Hebenstreit podr\u00e4tsik Jakov Poro\u0161ovilt puidust elumaja koos k\u00f5ige sinna juurde kuuluvaga. &nbsp; Julie Dorothea Hebenstreit (1818-1902) on s\u00fcndinud [&hellip;]","og_url":"https:\/\/visitparnu.com\/en\/supeluse\/breede-maja\/","og_site_name":"Visit P\u00e4rnu","article_publisher":"https:\/\/www.facebook.com\/visitparnuEE\/","og_image":[{"width":1200,"height":593,"url":"https:\/\/visitparnu.com\/wp-content\/uploads\/2025\/04\/Sup14_01.jpg","type":"image\/jpeg"}],"twitter_card":"summary_large_image","twitter_misc":{"Est. reading time":"3 minutes"},"schema":{"@context":"https:\/\/schema.org","@graph":[{"@type":"WebPage","@id":"https:\/\/visitparnu.com\/en\/supeluse\/breede-maja\/","url":"https:\/\/visitparnu.com\/en\/supeluse\/breede-maja\/","name":"BREEDE MAJA - Visit P\u00e4rnu","isPartOf":{"@id":"https:\/\/visitparnu.com\/en\/#website"},"primaryImageOfPage":{"@id":"https:\/\/visitparnu.com\/en\/supeluse\/breede-maja\/#primaryimage"},"image":{"@id":"https:\/\/visitparnu.com\/en\/supeluse\/breede-maja\/#primaryimage"},"thumbnailUrl":"https:\/\/visitparnu.com\/wp-content\/uploads\/2025\/04\/Sup14_01-300x148.jpg","datePublished":"2025-04-11T12:08:30+00:00","breadcrumb":{"@id":"https:\/\/visitparnu.com\/en\/supeluse\/breede-maja\/#breadcrumb"},"inLanguage":"en-US","potentialAction":[{"@type":"ReadAction","target":["https:\/\/visitparnu.com\/en\/supeluse\/breede-maja\/"]}]},{"@type":"ImageObject","inLanguage":"en-US","@id":"https:\/\/visitparnu.com\/en\/supeluse\/breede-maja\/#primaryimage","url":"https:\/\/visitparnu.com\/wp-content\/uploads\/2025\/04\/Sup14_01-300x148.jpg","contentUrl":"https:\/\/visitparnu.com\/wp-content\/uploads\/2025\/04\/Sup14_01-300x148.jpg"},{"@type":"BreadcrumbList","@id":"https:\/\/visitparnu.com\/en\/supeluse\/breede-maja\/#breadcrumb","itemListElement":[{"@type":"ListItem","position":1,"name":"","item":"https:\/\/visitparnu.com\/en\/"},{"@type":"ListItem","position":2,"name":"BREEDE MAJA"}]},{"@type":"WebSite","@id":"https:\/\/visitparnu.com\/en\/#website","url":"https:\/\/visitparnu.com\/en\/","name":"Visit P\u00e4rnu","description":"","publisher":{"@id":"https:\/\/visitparnu.com\/en\/#organization"},"potentialAction":[{"@type":"SearchAction","target":{"@type":"EntryPoint","urlTemplate":"https:\/\/visitparnu.com\/en\/?s={search_term_string}"},"query-input":{"@type":"PropertyValueSpecification","valueRequired":true,"valueName":"search_term_string"}}],"inLanguage":"en-US"},{"@type":"Organization","@id":"https:\/\/visitparnu.com\/en\/#organization","name":"Visit P\u00e4rnu","url":"https:\/\/visitparnu.com\/en\/","logo":{"@type":"ImageObject","inLanguage":"en-US","@id":"https:\/\/visitparnu.com\/en\/#\/schema\/logo\/image\/","url":"https:\/\/visitparnu.com\/wp-content\/uploads\/2022\/11\/VP_logo.svg","contentUrl":"https:\/\/visitparnu.com\/wp-content\/uploads\/2022\/11\/VP_logo.svg","width":305,"height":33,"caption":"Visit P\u00e4rnu"},"image":{"@id":"https:\/\/visitparnu.com\/en\/#\/schema\/logo\/image\/"},"sameAs":["https:\/\/www.facebook.com\/visitparnuEE\/","https:\/\/www.youtube.com\/user\/visitparnuestonia\/","https:\/\/www.instagram.com\/visitparnu\/"]}]}},"_links":{"self":[{"href":"https:\/\/visitparnu.com\/en\/wp-json\/wp\/v2\/supeluse\/5068183","targetHints":{"allow":["GET"]}}],"collection":[{"href":"https:\/\/visitparnu.com\/en\/wp-json\/wp\/v2\/supeluse"}],"about":[{"href":"https:\/\/visitparnu.com\/en\/wp-json\/wp\/v2\/types\/supeluse"}],"version-history":[{"count":0,"href":"https:\/\/visitparnu.com\/en\/wp-json\/wp\/v2\/supeluse\/5068183\/revisions"}],"wp:attachment":[{"href":"https:\/\/visitparnu.com\/en\/wp-json\/wp\/v2\/media?parent=5068183"}],"curies":[{"name":"wp","href":"https:\/\/api.w.org\/{rel}","templated":true}]}}