{"id":5068173,"date":"2025-04-11T14:21:08","date_gmt":"2025-04-11T12:21:08","guid":{"rendered":"https:\/\/visitparnu.com\/supeluse\/boockenhof\/"},"modified":"2025-04-11T14:21:08","modified_gmt":"2025-04-11T12:21:08","slug":"boockenhof","status":"publish","type":"supeluse","link":"https:\/\/visitparnu.com\/en\/supeluse\/boockenhof\/","title":{"rendered":"B\u00d6\u00d6CKENHOF"},"content":{"rendered":"<p><strong><span class=\"fontstyle0\">19. sajandi esimesel poolel olid kindluslinnast l\u00f5unas asuv v\u00e4heviljakas, liigniiske ja sageli \u00fcleujutatud maa-ala kasutusel vaid karja- ja heinamaana. Teadaolevalt ehitati esimene suvem\u00f5is P\u00e4rnus praeguse Supeluse t\u00e4nava \u00e4\u00e4rde 1857. aastal.<\/span><\/strong><\/p>\n<p>&nbsp;<\/p>\n<p><span class=\"fontstyle2\">B\u00f6\u00f6ckenhofi suvem\u00f5isana tunti seda hiljem hooned 1876. aastal ostnud kaupmehe ja korgivabrikant <\/span><strong><span class=\"fontstyle0\">Friedrich OscarWoldemarvon B\u00f6\u00f6cke <\/span><\/strong><span class=\"fontstyle2\">nime j\u00e4rgi.<\/span><\/p>\n<p><strong><span class=\"fontstyle0\">Suvem\u00f5is rannas<\/span><\/strong><\/p>\n<p><span class=\"fontstyle2\"><img fetchpriority=\"high\" decoding=\"async\" class=\" wp-image-5051531 alignleft\" src=\"https:\/\/visitparnu.com\/wp-content\/uploads\/2025\/04\/Sup25_01-300x195.jpg\" alt=\"\" width=\"352\" height=\"229\" srcset=\"https:\/\/visitparnu.com\/wp-content\/uploads\/2025\/04\/Sup25_01-300x195.jpg 300w, https:\/\/visitparnu.com\/wp-content\/uploads\/2025\/04\/Sup25_01-1024x666.jpg 1024w, https:\/\/visitparnu.com\/wp-content\/uploads\/2025\/04\/Sup25_01-768x499.jpg 768w, https:\/\/visitparnu.com\/wp-content\/uploads\/2025\/04\/Sup25_01.jpg 1200w\" sizes=\"(max-width: 352px) 100vw, 352px\" \/>Tegemist on P\u00e4rnu kuurortpiirkonna vanima s\u00e4ilinud hilisklassitsistlikus laadis poolkelpkatusega puithoonega, mille esifassaadi ilmestavad ajastule iseloomulik <\/span><span class=\"fontstyle2\">Toskaana-t\u00fc\u00fcpi sammask\u00e4ik, kuue ruuduga ja luukidega aknad ning katuse\u00e4rklid.<\/span><\/p>\n<p><span class=\"fontstyle2\">Esialgu j\u00e4i B\u00f6\u00f6ckenhof meretuultele avatud ning karjamaadest \u00fcmbritsetuna \u00fcksikuks hoonekompleksiks. Olukord hakkas muutuma alles 1890ndatel, mil koos kuurordi <\/span><span class=\"fontstyle2\">arendamisega hakkas ka huvi mere\u00e4\u00e4rsete maaalade vastu kasvama. Hoogustunud ehitustegevuse tuules krunditi ka osa suvem\u00f5isa maadest, mis seni olid ulatunud Mere puiesteeni, ning nii tekkis B\u00f6\u00f6ckenhofi naabrusesse <\/span><span class=\"fontstyle2\">terve uute suvitusvillade ansambel (t\u00e4nane Suvituse t\u00e4nav) ja sealhulgas ka B\u00f6\u00f6cke t\u00e4nav (praegune Eha t\u00e4nav). Peale Oscar von B\u00f6\u00f6cke surma sai B\u00f6\u00f6ckenhofi omanikuks esmalt tema lesk Anna Amalie, ning alates 1926. aastast poeg, Venemaalt naasnud endise keiserliku \u00f5ueorkestri soolot\u0161ellist Raymond B\u00f6\u00f6cke (1871-1940).<\/span><\/p>\n<p><strong><span class=\"fontstyle0\">Rahvusvaheliselt tuntud t\u0161ellokunstnik<\/span><\/strong><\/p>\n<p><span class=\"fontstyle2\"><img decoding=\"async\" class=\" wp-image-5051532 alignleft\" src=\"https:\/\/visitparnu.com\/wp-content\/uploads\/2025\/04\/Sup25_02-182x300.jpg\" alt=\"\" width=\"250\" height=\"412\" srcset=\"https:\/\/visitparnu.com\/wp-content\/uploads\/2025\/04\/Sup25_02-182x300.jpg 182w, https:\/\/visitparnu.com\/wp-content\/uploads\/2025\/04\/Sup25_02.jpg 472w\" sizes=\"(max-width: 250px) 100vw, 250px\" \/>P\u00e4rnus s<\/span><span class=\"fontstyle2\">\u00fcndinud <\/span><span class=\"fontstyle0\">Raymond Friedrich August von B\u00f6\u00f6cke <\/span><span class=\"fontstyle2\">(1871-1940) asus peale siinse Poeglaste G\u00fcmnaasiumi l\u00f5petamist \u00f5ppima 1888. aastal Peterburi konservatooriumis. Selle l\u00f5petamise j\u00e4rel sai 1894. aastal temast endast \u00f5ppej\u00f5ud, esmalt Kaasani Muusikakoolis ja seej\u00e4rel Vene Keiserliku Muusikaseltsi Riia Muusikakoolis. 1917. aastal lahkus ta revolutsioonilisest Peterburist ning naases kodumaale. 1919. aastal kutsuti juhatama t\u0161elloklassi Tallinna K\u00f5rgemas Muusikakoolis ja seej\u00e4rel 1923. aastast <\/span><span class=\"fontstyle2\">Tallinna Konservatooriumis, pannes nii aluse Eesti professionaalsele t\u0161ello- \u00f5petusele ja kontserditegevusele.<\/span><\/p>\n<p><strong><span class=\"fontstyle0\">Dendroloog KarlAun<\/span><\/strong><\/p>\n<p><span class=\"fontstyle2\">Majaomaniku Tallinnas elamise perioodil \u00fc\u00fcriti suvem\u00f5isa maja eluasemena v\u00e4lja. Pikaajalisemaks elanikuks oli siin <\/span><span class=\"fontstyle2\">rahvusvaheliselt tuntud dendroloog ja Eesti akadeemilise metsateaduse alusepanijaid <\/span><strong><span class=\"fontstyle0\">Karl Eduard Aun <\/span><\/strong><span class=\"fontstyle2\">(1861-1945). V\u00f5rumaal karjam\u00f5isa rentniku pojana s\u00fcndinud Aun oli ilmselt esimese eestlasena 1885. aastal omandanud metsandusliku k\u00f5rghariduse <\/span><span class=\"fontstyle2\">Petrovski P\u00f5llunduse ja Metsa Akadeemias, ning t\u00f6\u00f6tas seej\u00e4rel metsa\u00fclemana Virumaal, Riias ning Kilingi <\/span><span class=\"fontstyle2\">metskonnas. 1926. aastal lahkus ta teenistusest ja asus elama P\u00e4rnu linna, kus j\u00e4tkas tegevust oma erialal, viies l\u00e4bi <\/span><span class=\"fontstyle2\">mitmeid dendroloogilisi uurimusi. Keskendudes erihuvina paju liikidele, m\u00e4\u00e4ras ta kodul\u00e4hedases rannapargis kokku 14 liiki pajusid (lisaks mitmed h\u00fcbriidid).<\/span><\/p>\n<p><strong><span class=\"fontstyle0\">Natsionaliseerimine<\/span><\/strong><\/p>\n<p><span class=\"fontstyle2\"><img decoding=\"async\" class=\" wp-image-5051533 alignleft\" src=\"https:\/\/visitparnu.com\/wp-content\/uploads\/2025\/04\/Sup25_03-300x194.jpg\" alt=\"\" width=\"351\" height=\"227\" srcset=\"https:\/\/visitparnu.com\/wp-content\/uploads\/2025\/04\/Sup25_03-300x194.jpg 300w, https:\/\/visitparnu.com\/wp-content\/uploads\/2025\/04\/Sup25_03-1024x662.jpg 1024w, https:\/\/visitparnu.com\/wp-content\/uploads\/2025\/04\/Sup25_03-768x497.jpg 768w, https:\/\/visitparnu.com\/wp-content\/uploads\/2025\/04\/Sup25_03.jpg 1206w\" sizes=\"(max-width: 351px) 100vw, 351px\" \/>1935. aastal naases kodulinna Raymond B\u00f6\u00f6cke, olles oma halveneva tervise t\u00f5ttu lahkunud professori ametikohalt konservatooriumis. 9. septembril 1940. aastal otsustas aristokraatlike k\u00e4itumismaneeridega kunstnikuhing minna vabasurma. Teda eelnevalt k\u00fclastanud endise \u00f5pilase meenutuse j\u00e4rele olevat B\u00f6\u00f6cket emotsionaalselt v\u00e4ga rusunud Supeluse t\u00e4naval ning kodumajast \u00fcle t\u00e4nava laiuvas Rannapargis askeldavad punav\u00e4elased ja nende s\u00f5jatehnika \u2013 just see, mille eest ta paark\u00fcmmend aastat varem oli p\u00f5genenud revolutsioonilisest Petrogradist. <\/span><\/p>\n<p><span class=\"fontstyle2\">N\u00f5ukogude okupatsiooniv\u00f5imud natsionaliseerisid B\u00f6\u00f6ckenhofi ja alates 13. m\u00e4rtsist 1941. aastal l\u00e4ks kuurordipiirkonna s\u00fcdames asuv maja P\u00e4rnu kuurordi k\u00e4sutusse, siia paigutati sanatooriumeid teenindava majandusosakonna ehitusjaoskond.<\/span><\/p>\n<p><span class=\"fontstyle2\">Sama funktsioon s\u00e4ilis hoonetekompleksil ka j\u00e4rgnenud Saksa okupatsiooni ja uuel n\u00f5ukogude perioodil \u2013 siin paiknes Kuurordivalitsuse kontor ja t\u00f6\u00f6kojad. Hoone p\u00f5hikehandis asusid ehitusjaoskonna juhataja ning brigadiride kabinetid, maja tagak\u00fcljel, t\u00e4naseks lammutatud tiibhoones, plekk- ja lukkseppade t\u00f6\u00f6kojad. 1955. aastal l\u00e4ksid selleks ajaks juba kapitaalremonti vajavad hooned \u00fcle sanatooriumi nr 4 ja selle likvideerimise j\u00e4rel sanatooriumi nr 2 (hilisem \u00abRahu\u00bb) k\u00e4sutusse.<\/span><\/p>\n<p><span class=\"fontstyle2\">Hilisematel aastatel olid majas vaid v\u00e4ikesed, \u00fchisk\u00f6\u00f6kide ja -k\u00e4imlatega toad kuurordi personali elukohtadeks, t\u00e4naseks on need korteritena erastatud.<\/span><\/p>\n","protected":false},"featured_media":0,"template":"","meta":{"_acf_changed":false,"footnotes":""},"class_list":["post-5068173","supeluse","type-supeluse","status-publish","hentry"],"acf":[],"yoast_head":"<!-- This site is optimized with the Yoast SEO plugin v27.5 - https:\/\/yoast.com\/product\/yoast-seo-wordpress\/ -->\n<title>B\u00d6\u00d6CKENHOF - Visit P\u00e4rnu<\/title>\n<meta name=\"robots\" content=\"index, follow, max-snippet:-1, max-image-preview:large, max-video-preview:-1\" \/>\n<link rel=\"canonical\" href=\"https:\/\/visitparnu.com\/en\/supeluse\/boockenhof\/\" \/>\n<meta property=\"og:locale\" content=\"en_US\" \/>\n<meta property=\"og:type\" content=\"article\" \/>\n<meta property=\"og:title\" content=\"B\u00d6\u00d6CKENHOF - Visit P\u00e4rnu\" \/>\n<meta property=\"og:description\" content=\"19. sajandi esimesel poolel olid kindluslinnast l\u00f5unas asuv v\u00e4heviljakas, liigniiske ja sageli \u00fcleujutatud maa-ala kasutusel vaid karja- ja heinamaana. Teadaolevalt ehitati esimene suvem\u00f5is P\u00e4rnus praeguse Supeluse t\u00e4nava \u00e4\u00e4rde 1857. aastal. &nbsp; B\u00f6\u00f6ckenhofi suvem\u00f5isana tunti seda hiljem hooned 1876. aastal ostnud kaupmehe ja korgivabrikant Friedrich OscarWoldemarvon B\u00f6\u00f6cke nime j\u00e4rgi. Suvem\u00f5is rannas Tegemist on P\u00e4rnu kuurortpiirkonna vanima [&hellip;]\" \/>\n<meta property=\"og:url\" content=\"https:\/\/visitparnu.com\/en\/supeluse\/boockenhof\/\" \/>\n<meta property=\"og:site_name\" content=\"Visit P\u00e4rnu\" \/>\n<meta property=\"article:publisher\" content=\"https:\/\/www.facebook.com\/visitparnuEE\/\" \/>\n<meta property=\"og:image\" content=\"https:\/\/visitparnu.com\/wp-content\/uploads\/2025\/04\/Sup25_01.jpg\" \/>\n\t<meta property=\"og:image:width\" content=\"1200\" \/>\n\t<meta property=\"og:image:height\" content=\"780\" \/>\n\t<meta property=\"og:image:type\" content=\"image\/jpeg\" \/>\n<meta name=\"twitter:card\" content=\"summary_large_image\" \/>\n<meta name=\"twitter:label1\" content=\"Est. reading time\" \/>\n\t<meta name=\"twitter:data1\" content=\"3 minutes\" \/>\n<script type=\"application\/ld+json\" class=\"yoast-schema-graph\">{\"@context\":\"https:\\\/\\\/schema.org\",\"@graph\":[{\"@type\":\"WebPage\",\"@id\":\"https:\\\/\\\/visitparnu.com\\\/en\\\/supeluse\\\/boockenhof\\\/\",\"url\":\"https:\\\/\\\/visitparnu.com\\\/en\\\/supeluse\\\/boockenhof\\\/\",\"name\":\"B\u00d6\u00d6CKENHOF - Visit P\u00e4rnu\",\"isPartOf\":{\"@id\":\"https:\\\/\\\/visitparnu.com\\\/en\\\/#website\"},\"primaryImageOfPage\":{\"@id\":\"https:\\\/\\\/visitparnu.com\\\/en\\\/supeluse\\\/boockenhof\\\/#primaryimage\"},\"image\":{\"@id\":\"https:\\\/\\\/visitparnu.com\\\/en\\\/supeluse\\\/boockenhof\\\/#primaryimage\"},\"thumbnailUrl\":\"https:\\\/\\\/visitparnu.com\\\/wp-content\\\/uploads\\\/2025\\\/04\\\/Sup25_01-300x195.jpg\",\"datePublished\":\"2025-04-11T12:21:08+00:00\",\"breadcrumb\":{\"@id\":\"https:\\\/\\\/visitparnu.com\\\/en\\\/supeluse\\\/boockenhof\\\/#breadcrumb\"},\"inLanguage\":\"en-US\",\"potentialAction\":[{\"@type\":\"ReadAction\",\"target\":[\"https:\\\/\\\/visitparnu.com\\\/en\\\/supeluse\\\/boockenhof\\\/\"]}]},{\"@type\":\"ImageObject\",\"inLanguage\":\"en-US\",\"@id\":\"https:\\\/\\\/visitparnu.com\\\/en\\\/supeluse\\\/boockenhof\\\/#primaryimage\",\"url\":\"https:\\\/\\\/visitparnu.com\\\/wp-content\\\/uploads\\\/2025\\\/04\\\/Sup25_01-300x195.jpg\",\"contentUrl\":\"https:\\\/\\\/visitparnu.com\\\/wp-content\\\/uploads\\\/2025\\\/04\\\/Sup25_01-300x195.jpg\"},{\"@type\":\"BreadcrumbList\",\"@id\":\"https:\\\/\\\/visitparnu.com\\\/en\\\/supeluse\\\/boockenhof\\\/#breadcrumb\",\"itemListElement\":[{\"@type\":\"ListItem\",\"position\":1,\"name\":\"\",\"item\":\"https:\\\/\\\/visitparnu.com\\\/en\\\/\"},{\"@type\":\"ListItem\",\"position\":2,\"name\":\"B\u00d6\u00d6CKENHOF\"}]},{\"@type\":\"WebSite\",\"@id\":\"https:\\\/\\\/visitparnu.com\\\/en\\\/#website\",\"url\":\"https:\\\/\\\/visitparnu.com\\\/en\\\/\",\"name\":\"Visit P\u00e4rnu\",\"description\":\"\",\"publisher\":{\"@id\":\"https:\\\/\\\/visitparnu.com\\\/en\\\/#organization\"},\"potentialAction\":[{\"@type\":\"SearchAction\",\"target\":{\"@type\":\"EntryPoint\",\"urlTemplate\":\"https:\\\/\\\/visitparnu.com\\\/en\\\/?s={search_term_string}\"},\"query-input\":{\"@type\":\"PropertyValueSpecification\",\"valueRequired\":true,\"valueName\":\"search_term_string\"}}],\"inLanguage\":\"en-US\"},{\"@type\":\"Organization\",\"@id\":\"https:\\\/\\\/visitparnu.com\\\/en\\\/#organization\",\"name\":\"Visit P\u00e4rnu\",\"url\":\"https:\\\/\\\/visitparnu.com\\\/en\\\/\",\"logo\":{\"@type\":\"ImageObject\",\"inLanguage\":\"en-US\",\"@id\":\"https:\\\/\\\/visitparnu.com\\\/en\\\/#\\\/schema\\\/logo\\\/image\\\/\",\"url\":\"https:\\\/\\\/visitparnu.com\\\/wp-content\\\/uploads\\\/2022\\\/11\\\/VP_logo.svg\",\"contentUrl\":\"https:\\\/\\\/visitparnu.com\\\/wp-content\\\/uploads\\\/2022\\\/11\\\/VP_logo.svg\",\"width\":305,\"height\":33,\"caption\":\"Visit P\u00e4rnu\"},\"image\":{\"@id\":\"https:\\\/\\\/visitparnu.com\\\/en\\\/#\\\/schema\\\/logo\\\/image\\\/\"},\"sameAs\":[\"https:\\\/\\\/www.facebook.com\\\/visitparnuEE\\\/\",\"https:\\\/\\\/www.youtube.com\\\/user\\\/visitparnuestonia\\\/\",\"https:\\\/\\\/www.instagram.com\\\/visitparnu\\\/\"]}]}<\/script>\n<!-- \/ Yoast SEO plugin. -->","yoast_head_json":{"title":"B\u00d6\u00d6CKENHOF - Visit P\u00e4rnu","robots":{"index":"index","follow":"follow","max-snippet":"max-snippet:-1","max-image-preview":"max-image-preview:large","max-video-preview":"max-video-preview:-1"},"canonical":"https:\/\/visitparnu.com\/en\/supeluse\/boockenhof\/","og_locale":"en_US","og_type":"article","og_title":"B\u00d6\u00d6CKENHOF - Visit P\u00e4rnu","og_description":"19. sajandi esimesel poolel olid kindluslinnast l\u00f5unas asuv v\u00e4heviljakas, liigniiske ja sageli \u00fcleujutatud maa-ala kasutusel vaid karja- ja heinamaana. Teadaolevalt ehitati esimene suvem\u00f5is P\u00e4rnus praeguse Supeluse t\u00e4nava \u00e4\u00e4rde 1857. aastal. &nbsp; B\u00f6\u00f6ckenhofi suvem\u00f5isana tunti seda hiljem hooned 1876. aastal ostnud kaupmehe ja korgivabrikant Friedrich OscarWoldemarvon B\u00f6\u00f6cke nime j\u00e4rgi. Suvem\u00f5is rannas Tegemist on P\u00e4rnu kuurortpiirkonna vanima [&hellip;]","og_url":"https:\/\/visitparnu.com\/en\/supeluse\/boockenhof\/","og_site_name":"Visit P\u00e4rnu","article_publisher":"https:\/\/www.facebook.com\/visitparnuEE\/","og_image":[{"width":1200,"height":780,"url":"https:\/\/visitparnu.com\/wp-content\/uploads\/2025\/04\/Sup25_01.jpg","type":"image\/jpeg"}],"twitter_card":"summary_large_image","twitter_misc":{"Est. reading time":"3 minutes"},"schema":{"@context":"https:\/\/schema.org","@graph":[{"@type":"WebPage","@id":"https:\/\/visitparnu.com\/en\/supeluse\/boockenhof\/","url":"https:\/\/visitparnu.com\/en\/supeluse\/boockenhof\/","name":"B\u00d6\u00d6CKENHOF - Visit P\u00e4rnu","isPartOf":{"@id":"https:\/\/visitparnu.com\/en\/#website"},"primaryImageOfPage":{"@id":"https:\/\/visitparnu.com\/en\/supeluse\/boockenhof\/#primaryimage"},"image":{"@id":"https:\/\/visitparnu.com\/en\/supeluse\/boockenhof\/#primaryimage"},"thumbnailUrl":"https:\/\/visitparnu.com\/wp-content\/uploads\/2025\/04\/Sup25_01-300x195.jpg","datePublished":"2025-04-11T12:21:08+00:00","breadcrumb":{"@id":"https:\/\/visitparnu.com\/en\/supeluse\/boockenhof\/#breadcrumb"},"inLanguage":"en-US","potentialAction":[{"@type":"ReadAction","target":["https:\/\/visitparnu.com\/en\/supeluse\/boockenhof\/"]}]},{"@type":"ImageObject","inLanguage":"en-US","@id":"https:\/\/visitparnu.com\/en\/supeluse\/boockenhof\/#primaryimage","url":"https:\/\/visitparnu.com\/wp-content\/uploads\/2025\/04\/Sup25_01-300x195.jpg","contentUrl":"https:\/\/visitparnu.com\/wp-content\/uploads\/2025\/04\/Sup25_01-300x195.jpg"},{"@type":"BreadcrumbList","@id":"https:\/\/visitparnu.com\/en\/supeluse\/boockenhof\/#breadcrumb","itemListElement":[{"@type":"ListItem","position":1,"name":"","item":"https:\/\/visitparnu.com\/en\/"},{"@type":"ListItem","position":2,"name":"B\u00d6\u00d6CKENHOF"}]},{"@type":"WebSite","@id":"https:\/\/visitparnu.com\/en\/#website","url":"https:\/\/visitparnu.com\/en\/","name":"Visit P\u00e4rnu","description":"","publisher":{"@id":"https:\/\/visitparnu.com\/en\/#organization"},"potentialAction":[{"@type":"SearchAction","target":{"@type":"EntryPoint","urlTemplate":"https:\/\/visitparnu.com\/en\/?s={search_term_string}"},"query-input":{"@type":"PropertyValueSpecification","valueRequired":true,"valueName":"search_term_string"}}],"inLanguage":"en-US"},{"@type":"Organization","@id":"https:\/\/visitparnu.com\/en\/#organization","name":"Visit P\u00e4rnu","url":"https:\/\/visitparnu.com\/en\/","logo":{"@type":"ImageObject","inLanguage":"en-US","@id":"https:\/\/visitparnu.com\/en\/#\/schema\/logo\/image\/","url":"https:\/\/visitparnu.com\/wp-content\/uploads\/2022\/11\/VP_logo.svg","contentUrl":"https:\/\/visitparnu.com\/wp-content\/uploads\/2022\/11\/VP_logo.svg","width":305,"height":33,"caption":"Visit P\u00e4rnu"},"image":{"@id":"https:\/\/visitparnu.com\/en\/#\/schema\/logo\/image\/"},"sameAs":["https:\/\/www.facebook.com\/visitparnuEE\/","https:\/\/www.youtube.com\/user\/visitparnuestonia\/","https:\/\/www.instagram.com\/visitparnu\/"]}]}},"_links":{"self":[{"href":"https:\/\/visitparnu.com\/en\/wp-json\/wp\/v2\/supeluse\/5068173","targetHints":{"allow":["GET"]}}],"collection":[{"href":"https:\/\/visitparnu.com\/en\/wp-json\/wp\/v2\/supeluse"}],"about":[{"href":"https:\/\/visitparnu.com\/en\/wp-json\/wp\/v2\/types\/supeluse"}],"version-history":[{"count":0,"href":"https:\/\/visitparnu.com\/en\/wp-json\/wp\/v2\/supeluse\/5068173\/revisions"}],"wp:attachment":[{"href":"https:\/\/visitparnu.com\/en\/wp-json\/wp\/v2\/media?parent=5068173"}],"curies":[{"name":"wp","href":"https:\/\/api.w.org\/{rel}","templated":true}]}}